{"id":7479,"date":"2024-01-19T11:10:34","date_gmt":"2024-01-19T10:10:34","guid":{"rendered":"https:\/\/www.bakebidea.com\/?page_id=7479"},"modified":"2024-04-02T11:32:00","modified_gmt":"2024-04-02T09:32:00","slug":"premiers-signataires-louhossoa","status":"publish","type":"page","link":"https:\/\/www.bakebidea.com\/?page_id=7479","title":{"rendered":"Premiers signataires Louhossoa"},"content":{"rendered":"\n<p align=\"CENTER\"><span style=\"font-size: medium;\"><b>Proc\u00e8s de Louhossoa :<\/b><\/span><\/p>\n<p align=\"CENTER\"><span style=\"font-size: medium;\"><b>Relaxe pour ouvrir d\u00e9finitivement une nouvelle page en Pays Basque ! <br><\/b><\/span><\/p>\n<p align=\"CENTER\">&nbsp;<\/p>\n<p align=\"JUSTIFY\">Les 2 et 3 avril 2024 compara\u00eetront devant le tribunal correctionnel de Paris B\u00e9atrice Molle-Haran et Txetx Etcheverry, pr\u00e9venus pour avoir \u00ab <i>port\u00e9, transport\u00e9 et d\u00e9tenu des armes, munitions et substances ou produits explosifs en relation avec l\u2019organisation terroriste ETA.<\/i> \u00bb<\/p>\n<p align=\"JUSTIFY\">Les faits dont ils sont accus\u00e9s remontent au 16 d\u00e9cembre 2016 et leur ont pourtant valu d\u2019\u00eatre qualifi\u00e9s d\u2019\u00ab Artisans de la Paix \u00bb.<\/p>\n<p align=\"JUSTIFY\">Ce jour-l\u00e0, avec d\u2019autres personnes dont Michel Tubiana, pr\u00e9sident d\u2019honneur de la Ligue des droits de l\u2019homme ; Michel Berhocoirigoin, ancien secr\u00e9taire national de la Conf\u00e9d\u00e9ration Paysanne et pr\u00e9sident de la Chambre d\u2019agriculture alternative du Pays Basque ; Michel Bergouignan, ancien directeur de la coop\u00e9rative viticole Irouleguy, tous trois aujourd\u2019hui d\u00e9c\u00e9d\u00e9s ; B\u00e9atrice et Txetx ont particip\u00e9 dans la commune basque de Louhossoa \u00e0 une op\u00e9ration de neutralisation d\u2019une dizaine de caisses d\u2019armes et d\u2019explosifs provenant de l\u2019arsenal de l\u2019organisation ETA.<\/p>\n<p align=\"JUSTIFY\"><b>Artisans de la Paix<\/b><\/p>\n<p align=\"JUSTIFY\">Cette action, qui leur valut d\u2019\u00eatre arr\u00eat\u00e9s et plac\u00e9s en garde-\u00e0-vue antiterroriste fut applaudie et soutenue par la majorit\u00e9 de la soci\u00e9t\u00e9 basque et de ses repr\u00e9sentants de toutes sensibilit\u00e9s politiques.<\/p>\n<p align=\"JUSTIFY\">En effet, ces personnalit\u00e9s issues de la soci\u00e9t\u00e9 civile du Pays Basque et d\u2019ailleurs, publiquement connues pour leur engagement non-violent, venaient remettre en cause et suppl\u00e9er \u00e0 l\u2019absence d\u2019initiatives de Paris et de Madrid pour accompagner ETA dans sa d\u00e9cision prise 5 ans auparavant de mettre d\u00e9finitivement fin \u00e0 la lutte arm\u00e9e. Les deux \u00c9tats avaient poursuivi la r\u00e9pression \u00e0 son encontre, les politiques de dispersion et d\u2019exception \u00e0 l\u2019\u00e9gard des prisonniers basques, et m\u00eame pris des initiatives emp\u00eachant l\u2019organisation ETA de proc\u00e9der au d\u00e9mant\u00e8lement ordonn\u00e9 et s\u00e9curis\u00e9 de son arsenal.<br><br><\/p>\n<p align=\"JUSTIFY\">L\u2019action de Louhossoa visait donc \u00e0 enclencher ce d\u00e9mant\u00e8lement, afin d\u2019en finir avec 5 ans d\u2019inertie risqu\u00e9e de la part des autorit\u00e9s. Des centaines d\u2019autres Artisans de la Paix prirent le relais et le 8 avril 2017, pas moins de 20 000 personnes se r\u00e9unirent \u00e0 Bayonne pour la journ\u00e9e du d\u00e9sarmement au cours de laquelle le reste de l\u2019arsenal d\u2019ETA fut neutralis\u00e9 par la soci\u00e9t\u00e9 civile \u00e0 laquelle l\u2019organisation arm\u00e9e en avait confi\u00e9 la responsabilit\u00e9.<\/p>\n<p align=\"JUSTIFY\">Pour la premi\u00e8re fois, un espace officiel de travail sur la question des prisonniers basques fut cr\u00e9\u00e9 entre le gouvernement fran\u00e7ais et les Artisans de la Paix, qui permit de premi\u00e8res avanc\u00e9es, porteuses d\u2019espoir, sur leurs conditions d\u2019incarc\u00e9ration.<\/p>\n<p align=\"JUSTIFY\">Le 3 mai 2018, l\u2019organisation ETA annon\u00e7a officiellement sa dissolution.<\/p>\n<p align=\"JUSTIFY\"><b>Aller de l\u2019avant<\/b><\/p>\n<p align=\"JUSTIFY\">De l\u2019avis de toutes et de tous, Louhossoa a mis fin \u00e0 5 ans d\u2019immobilisme dangereux, a acc\u00e9l\u00e9r\u00e9 le temps et a jou\u00e9 un r\u00f4le \u00e9minemment positif dans l\u2019ouverture de nouvelles perspectives en Pays Basque. Beaucoup reste \u00e0 faire pour aller vers une paix globale et durable, exempte de volont\u00e9s de revanche, que ce soit dans le domaine de la reconnaissance due \u00e0 toutes les victimes, du sort des personnes encore incarc\u00e9r\u00e9es ou en exil ou encore du devoir de m\u00e9moire et de v\u00e9rit\u00e9.<\/p>\n<p align=\"JUSTIFY\">C\u2019est pourquoi nous, soussign\u00e9s, ne pouvons comprendre le sens du renvoi de B\u00e9atrice Molle-Haran et de Txetx Etcheverry devant les tribunaux, \u00e0 rebours du chemin restant \u00e0 accomplir pour avancer vers plus de paix et de r\u00e9conciliation en Pays Basque.<\/p>\n<p align=\"JUSTIFY\">Nous demandons leur relaxe pure et simple. Elle retentirait comme le signal fort d\u2019une d\u00e9termination commune \u00e0 r\u00e9soudre l\u2019ensemble des cons\u00e9quences de cette confrontation arm\u00e9e qu\u2019a trop longtemps connue le Pays Basque, et d&rsquo;une volont\u00e9 partag\u00e9e d\u2019ouvrir d\u00e9finitivement une nouvelle page de son Histoire.<\/p>\n\n\n\n<div style=\"height:100px\" aria-hidden=\"true\" class=\"wp-block-spacer\"><\/div>\n\n\n\n<h2 style=\"text-align: center;\">Premiers signataires<\/h2>\n<h5>\u00a0<\/h5>\n<h2 style=\"text-align: center;\"><strong>Personnalit\u00e9s impliqu\u00e9es dans le processus de paix depuis la d\u00e9claration internationale d\u2019Aiete.<\/strong><\/h2>\n<p>\u00a0<\/p>\n<p>\n\n\n<p><!-- \/wp:tadv\/classic-paragraph --><\/p>\n<p><!-- wp:tadv\/classic-paragraph --><\/p>\n<table style=\"border-collapse: collapse; width: 100%;\">\n<tbody>\n<tr>\n<td style=\"width: 50%;\" align=\"LEFT\" valign=\"BOTTOM\" width=\"316\" height=\"70\">\n<p><span style=\"color: #000000; font-size: medium;\">Berthie Ahern\u00a0<\/span><\/p>\n<\/td>\n<td style=\"width: 50%;\" align=\"CENTER\" valign=\"BOTTOM\" width=\"815\">\n<p><span style=\"color: #000000; font-size: medium;\">Ancien Premier Ministre d&rsquo;Irlande Signataire des d\u00e9clarations Internationales d&rsquo;Aiete et d&rsquo;Arnaga<\/span><\/p>\n<\/td>\n<\/tr>\n<tr>\n<td style=\"width: 50%;\" align=\"LEFT\" valign=\"BOTTOM\" width=\"316\" height=\"60\">\n<p><span style=\"color: #000000; font-size: medium;\">Gerry Adams<\/span><\/p>\n<\/td>\n<td style=\"width: 50%;\" align=\"CENTER\" valign=\"BOTTOM\" width=\"815\">\n<p><span style=\"color: #000000; font-size: medium;\"><span style=\"color: #000000; font-size: medium;\">Ancien President du Sinn F\u00e9in et Signataire des d\u00e9clarations Internationales d&rsquo;Aiete et Arnaga<\/span><\/span><\/p>\n<\/td>\n<\/tr>\n<tr>\n<td style=\"width: 50%;\" align=\"LEFT\" valign=\"BOTTOM\" height=\"64\">\n<p><span style=\"color: #000000; font-size: medium;\">Michel Camdessus<\/span><\/p>\n<\/td>\n<td style=\"width: 50%;\" align=\"CENTER\" valign=\"BOTTOM\">\n<p><span style=\"color: #000000; font-size: medium;\">Ancien directeur g\u00e9n\u00e9ral du Fond mon\u00e9taire international et ancien Gouverneur de la Banque de France. Signataire de la d\u00e9l\u00e9gation d\u2019Arnaga.<\/span><\/p>\n<\/td>\n<\/tr>\n<tr>\n<td style=\"width: 50%;\" align=\"LEFT\" valign=\"BOTTOM\" height=\"84\">\n<p><span style=\"color: #000000; font-size: medium;\">Cuauhtemoc Cardenas Solorzano<\/span><\/p>\n<\/td>\n<td style=\"width: 50%;\" align=\"CENTER\" valign=\"BOTTOM\">\n<p><span style=\"color: #000000; font-size: medium;\"><span style=\"color: #000000; font-size: medium;\">Chef de gouvernement du District f\u00e9d\u00e9ral de Mexico et Signataire de la d\u00e9claration Internationale d&rsquo;Arnaga<\/span><\/span><\/p>\n<\/td>\n<\/tr>\n<tr>\n<td style=\"width: 50%;\" align=\"LEFT\" valign=\"BOTTOM\" height=\"84\">\n<p><span style=\"color: #000000; font-size: medium;\">Ronnie Kasrils<\/span><\/p>\n<\/td>\n<td style=\"width: 50%;\" align=\"CENTER\" valign=\"BOTTOM\">\n<p><span style=\"color: #000000; font-size: medium;\"><span style=\"color: #000000; font-size: medium;\">Ancien ministre de la defense et Intelligence en Afrique du Sud et Membre de la Commission Internationale\u00a0de\u00a0V\u00e9rification<\/span><\/span><\/p>\n<\/td>\n<\/tr>\n<tr>\n<td style=\"width: 50%;\" align=\"LEFT\" valign=\"BOTTOM\" height=\"60\">\n<p><span style=\"color: #000000; font-size: medium;\">Brian Currin<\/span><\/p>\n<\/td>\n<td style=\"width: 50%;\" align=\"CENTER\" valign=\"BOTTOM\">\n<p><span style=\"color: #000000; font-size: medium;\"><span style=\"color: #000000; font-size: medium;\">Avocat Sud Africain et ancien membre de l&rsquo;ICG<\/span><\/span><\/p>\n<\/td>\n<\/tr>\n<tr>\n<td style=\"width: 50%;\" align=\"LEFT\" valign=\"BOTTOM\" height=\"67\">\n<p><span style=\"color: #000000; font-size: medium;\">Harold Good<\/span><\/p>\n<\/td>\n<td style=\"width: 50%;\" align=\"CENTER\" valign=\"BOTTOM\">\n<p><span style=\"color: #000000; font-size: medium;\"><span style=\"color: #000000; font-size: medium;\">Pasteur Irlandais, observateur International lors de la journ\u00e9e du d\u00e9sarmement<\/span><\/span><\/p>\n<\/td>\n<\/tr>\n<\/tbody>\n<\/table>\n<p><!-- \/wp:tadv\/classic-paragraph --><\/p>\n<p><!-- wp:tadv\/classic-paragraph --><\/p>\n<h2 style=\"text-align: center;\"><strong>Fondations et ONG \u0153uvrant pour la paix<\/strong><\/h2>\n<p><!-- \/wp:tadv\/classic-paragraph --><\/p>\n<p><!-- wp:tadv\/classic-paragraph --><\/p>\n<table style=\"border-collapse: collapse; width: 100%;\">\n<tbody>\n<tr>\n<td style=\"width: 49.8809%;\" align=\"LEFT\" valign=\"BOTTOM\" width=\"316\" height=\"72\">\n<p><span style=\"color: #000000; font-size: medium;\">V\u00e9ronique Dudouet <\/span><\/p>\n<\/td>\n<td style=\"width: 50%;\" align=\"CENTER\" valign=\"BOTTOM\" width=\"815\">\n<p><span style=\"color: #000000; font-size: medium;\"><span style=\"color: #000000; font-size: medium;\"> Experte en r\u00e9solution des conflits.<\/span><\/span><\/p>\n<\/td>\n<\/tr>\n<tr>\n<td style=\"width: 49.8809%;\" align=\"LEFT\" valign=\"BOTTOM\" height=\"72\">\n<p><span style=\"color: #000000;\">Jonathan Cohen<\/span><\/p>\n<\/td>\n<td style=\"width: 50%;\" align=\"CENTER\" valign=\"BOTTOM\">\n<p><span style=\"color: #000000; font-size: medium;\">Directeur de l&rsquo;ONG Concilation Resources, <br \/><\/span><\/p>\n<\/td>\n<\/tr>\n<tr>\n<td style=\"width: 49.8809%;\" align=\"LEFT\" valign=\"BOTTOM\" height=\"106\">\n<p><span style=\"color: #000000; font-size: medium;\">Teresa Dumasy<\/span><\/p>\n<\/td>\n<td style=\"width: 50%;\" align=\"CENTER\" valign=\"BOTTOM\">\n<p><span style=\"color: #000000; font-size: medium;\"><span style=\"color: #000000; font-size: medium;\">Experte en r\u00e9solution des conflits, directrice du d\u00e9partement de recherche, de conseil et de politique chez Conciliation Resources<\/span><\/span><\/p>\n<\/td>\n<\/tr>\n<tr>\n<td style=\"width: 49.8809%;\" align=\"LEFT\" valign=\"BOTTOM\" height=\"72\">\n<p><span style=\"color: #000000; font-size: medium;\">Patrick Baudouin<\/span><\/p>\n<\/td>\n<td style=\"width: 50%;\" align=\"CENTER\" valign=\"BOTTOM\">\n<p><span style=\"color: #000000; font-size: medium;\"><span style=\"color: #000000; font-size: medium;\">Pr\u00e9sident de la Ligue des droits de l&rsquo;homme<\/span><\/span><\/p>\n<\/td>\n<\/tr>\n<tr>\n<td style=\"width: 49.8809%;\" align=\"LEFT\" valign=\"BOTTOM\" width=\"316\" height=\"69\">\n<p>Marie-Christine Vergiat<\/p>\n<\/td>\n<td style=\"width: 50%;\" align=\"LEFT\" valign=\"BOTTOM\" width=\"815\">\n<p>Vice-Pr\u00e9sidente de la Ligue des Droits de l\u2019Homme<\/p>\n<\/td>\n<\/tr>\n<tr>\n<td style=\"width: 49.8809%;\" align=\"LEFT\" valign=\"BOTTOM\" height=\"69\">\n<p>Henri Leclerc<\/p>\n<\/td>\n<td style=\"width: 50%; text-align: center;\" align=\"LEFT\" valign=\"BOTTOM\">\n<p>Pr\u00e9sident d\u2019honneur de la Ligue des Droits de l\u2019Homme<\/p>\n<\/td>\n<\/tr>\n<tr>\n<td style=\"width: 49.8809%;\" align=\"LEFT\" valign=\"BOTTOM\" height=\"57\">\n<p><span style=\"color: #000000; font-size: medium;\">Anaiz Funosas<\/span><\/p>\n<\/td>\n<td style=\"width: 50%;\" align=\"CENTER\" valign=\"BOTTOM\">\n<p><span style=\"color: #000000; font-size: medium;\"><span style=\"color: #000000; font-size: medium;\">Co-pr\u00e9sidente de Bake Bidea<\/span><\/span><\/p>\n<\/td>\n<\/tr>\n<tr>\n<td style=\"width: 49.8809%;\" align=\"LEFT\" valign=\"BOTTOM\" height=\"50\">\n<p><span style=\"color: #000000; font-size: medium;\">Jean Daniel Elichiry<\/span><\/p>\n<\/td>\n<td style=\"width: 50%;\" align=\"CENTER\" valign=\"BOTTOM\">\n<p><span style=\"color: #000000; font-size: medium;\"><span style=\"color: #000000; font-size: medium;\">Co-pr\u00e9sident de Bake Bidea et porte-parole des Artisans de la paix<\/span><\/span><\/p>\n<\/td>\n<\/tr>\n<tr>\n<td style=\"width: 49.8809%;\">\n<p>Anne-Marie Michaud<\/p>\n<\/td>\n<td style=\"width: 50%; text-align: center;\">\n<p><span style=\"color: #000000; font-size: medium;\"><span style=\"color: #000000; font-size: medium;\">Pr\u00e9sidente du CDDHPB<br \/><\/span><\/span><\/p>\n<\/td>\n<\/tr>\n<tr>\n<td style=\"width: 49.8809%;\">\n<p>Andr\u00e9 Paccou<\/p>\n<\/td>\n<td style=\"width: 50%; text-align: center;\">\n<p><span style=\"color: #000000; font-size: medium;\"><span style=\"color: #000000; font-size: medium;\">LDH Corse <\/span><\/span><\/p>\n<\/td>\n<\/tr>\n<\/tbody>\n<\/table>\n<p><!-- \/wp:tadv\/classic-paragraph --><\/p>\n<p><!-- wp:tadv\/classic-paragraph --><\/p>\n<h2 style=\"text-align: center;\"><strong>Ancien.ne.s ministres<br \/><\/strong><\/h2>\n<table style=\"border-collapse: collapse; width: 100%;\">\n<tbody>\n<tr>\n<td style=\"width: 49.7619%;\" align=\"LEFT\" valign=\"BOTTOM\" width=\"316\" height=\"60\">\n<p><span style=\"color: #000000; font-size: medium;\">Corinne Lepage<\/span><\/p>\n<\/td>\n<td style=\"width: 50.119%;\" align=\"CENTER\" valign=\"BOTTOM\" width=\"815\">\n<p><span style=\"color: #000000; font-size: medium;\"><span style=\"color: #000000; font-size: medium;\">Ancienne ministre, ancienne d\u00e9put\u00e9e Europ\u00e9enne et avocate<\/span><\/span><\/p>\n<\/td>\n<\/tr>\n<tr>\n<td style=\"width: 49.7619%;\" align=\"LEFT\" valign=\"BOTTOM\" height=\"54\">\n<p><span style=\"color: #000000; font-size: medium;\">Alain Lamassoure<\/span><\/p>\n<\/td>\n<td style=\"width: 50.119%;\" align=\"CENTER\" valign=\"BOTTOM\">\n<p><span style=\"color: #000000; font-size: medium;\"><span style=\"color: #000000; font-size: medium;\">Ancien ministre, ancien d\u00e9put\u00e9 europ\u00e9en<\/span><\/span><\/p>\n<\/td>\n<\/tr>\n<tr>\n<td style=\"width: 49.7619%;\">\n<p><span style=\"color: #000000; font-size: medium;\">Bernard Kouchner<\/span><\/p>\n<\/td>\n<td style=\"width: 50.119%;\">\n<p><span style=\"color: #000000; font-size: medium;\"><span style=\"color: #000000; font-size: medium;\">Fondateur de M\u00e9decins sans fronti\u00e8re et ancien ministre<\/span><\/span><\/p>\n<\/td>\n<\/tr>\n<tr>\n<td style=\"width: 49.7619%;\" align=\"LEFT\" valign=\"BOTTOM\" height=\"57\">\n<p><span style=\"color: #000000; font-size: medium;\">Christiane Taubira<\/span><\/p>\n<\/td>\n<td style=\"width: 50.119%;\" align=\"CENTER\" valign=\"BOTTOM\">\n<p><span style=\"color: #000000; font-size: medium;\"><span style=\"color: #000000; font-size: medium;\">Garde des Sceaux, ministre de la Justice (2012-2016), membre honoraire du Parlement<\/span><\/span><\/p>\n<\/td>\n<\/tr>\n<tr>\n<td style=\"width: 49.7619%;\" align=\"LEFT\" valign=\"BOTTOM\" height=\"57\">\n<p><span style=\"color: #000000;\">Emmanuelle Cosse<\/span><\/p>\n<\/td>\n<td style=\"width: 50.119%;\" align=\"CENTER\" valign=\"BOTTOM\">\n<p><span style=\"color: #000000; font-size: medium;\"><span style=\"color: #000000; font-size: medium;\">Conseill\u00e8re r\u00e9gionale, ancienne ministre logement<\/span><\/span><\/p>\n<\/td>\n<\/tr>\n<tr>\n<td style=\"width: 49.7619%;\" align=\"LEFT\" valign=\"BOTTOM\" height=\"55\">\n<p><span style=\"color: #000000; font-size: medium;\">C\u00e9cile Duflot<\/span><\/p>\n<\/td>\n<td style=\"width: 50.119%;\" align=\"CENTER\" valign=\"BOTTOM\">\n<p><span style=\"color: #000000; font-size: medium;\"><span style=\"color: #000000; font-size: medium;\">Ancienne Ministre de l&rsquo;\u00c9galit\u00e9 des territoires et du Logement, directrice g\u00e9n\u00e9rale d\u2019Oxfam France<\/span><\/span><\/p>\n<\/td>\n<\/tr>\n<tr>\n<td style=\"width: 49.7619%;\" align=\"LEFT\" valign=\"BOTTOM\" height=\"54\">\n<p><span style=\"color: #000000; font-size: medium;\">Matthias Fekl<\/span><\/p>\n<\/td>\n<td style=\"width: 50.119%;\" align=\"CENTER\" valign=\"BOTTOM\">\n<p><span style=\"color: #000000; font-size: medium;\"><span style=\"color: #000000; font-size: medium;\">Ancien ministre de l&rsquo;Int\u00e9rieur en fonction au moment du d\u00e9sarmement ETA<\/span><\/span><\/p>\n<\/td>\n<\/tr>\n<tr>\n<td style=\"width: 49.7619%;\" align=\"LEFT\" valign=\"BOTTOM\" height=\"65\">\n<p><span style=\"color: #000000; font-size: medium;\">Delphine Batho<\/span><\/p>\n<\/td>\n<td style=\"width: 50.119%;\" align=\"CENTER\" valign=\"BOTTOM\">\n<p><span style=\"color: #000000; font-size: medium;\"><span style=\"color: #000000; font-size: medium;\">Ancienne ministre de l&rsquo;\u00e9cologie et d\u00e9put\u00e9e des Deux-S\u00e8vres<\/span><\/span><\/p>\n<\/td>\n<\/tr>\n<\/tbody>\n<\/table>\n<p><!-- \/wp:tadv\/classic-paragraph --><\/p>\n<p><!-- wp:tadv\/classic-paragraph --><\/p>\n<h2 style=\"text-align: center;\"><strong>Parlementaires et repr\u00e9sentant.e.s politiques<\/strong><\/h2>\n<table style=\"border-collapse: collapse; width: 100%; height: 1375px;\">\n<tbody>\n<tr style=\"height: 64px;\">\n<td style=\"width: 50.0001%; height: 64px;\" align=\"LEFT\" valign=\"BOTTOM\" width=\"316\" height=\"64\">\n<p><span style=\"color: #000000; font-size: medium;\">Olivier Faure<\/span><\/p>\n<\/td>\n<td style=\"width: 49.8809%; height: 64px;\" align=\"CENTER\" valign=\"BOTTOM\" width=\"815\">\n<p><span style=\"color: #000000; font-size: medium;\"><span style=\"color: #000000; font-size: medium;\">Premier secr\u00e9taire du Parti Socialiste, d\u00e9put\u00e9 de\u00a0Seine-et-Marne<\/span><\/span><\/p>\n<\/td>\n<\/tr>\n<tr style=\"height: 57px;\">\n<td style=\"width: 50.0001%; height: 57px;\" align=\"LEFT\" valign=\"BOTTOM\" height=\"57\">\n<p><span style=\"color: #000000; font-size: medium;\">Rapha\u00ebl Glucksmann<\/span><\/p>\n<\/td>\n<td style=\"width: 49.8809%; height: 57px;\" align=\"CENTER\" valign=\"BOTTOM\">\n<p><span style=\"color: #000000; font-size: medium;\"><span style=\"color: #000000; font-size: medium;\">D\u00e9put\u00e9 europ\u00e9en Place Publique<\/span><\/span><\/p>\n<\/td>\n<\/tr>\n<tr style=\"height: 55px;\">\n<td style=\"width: 50.0001%; height: 55px;\" align=\"LEFT\" valign=\"BOTTOM\" height=\"55\">\n<p><span style=\"color: #000000; font-size: medium;\">Marie Toussaint<\/span><\/p>\n<\/td>\n<td style=\"width: 49.8809%; height: 55px;\" align=\"CENTER\" valign=\"BOTTOM\">\n<p><span style=\"color: #000000; font-size: medium;\"><span style=\"color: #000000; font-size: medium;\">Eurod\u00e9putee \u00e9cologiste, juriste, fondatrice de Notre affaire \u00e0 tous<\/span><\/span><\/p>\n<\/td>\n<\/tr>\n<tr style=\"height: 23px;\">\n<td style=\"width: 50.0001%; height: 23px;\">\n<p>Lydie Massard<\/p>\n<\/td>\n<td style=\"width: 49.8809%; text-align: center; height: 23px;\">\n<p>D\u00e9put\u00e9e Europ\u00e9enne (ALE)<\/p>\n<\/td>\n<\/tr>\n<tr>\n<td style=\"width: 50.0001%;\">\n<p>Yannick Jadot<\/p>\n<\/td>\n<td style=\"width: 49.8809%; text-align: center;\">\n<p>S\u00e9nateur ( EELV)<\/p>\n<\/td>\n<\/tr>\n<tr style=\"height: 57px;\">\n<td style=\"width: 50.0001%; height: 57px;\" align=\"LEFT\" valign=\"BOTTOM\" height=\"57\">\n<p><span style=\"color: #000000; font-size: medium;\">Andr\u00e9 Chassaigne<\/span><\/p>\n<\/td>\n<td style=\"width: 49.8809%; height: 57px;\" align=\"CENTER\" valign=\"BOTTOM\">\n<p><span style=\"color: #000000; font-size: medium;\"><span style=\"color: #000000; font-size: medium;\">D\u00e9put\u00e9 PCF, pr\u00e9sident groupe GDR \u00e0 l&rsquo;assembl\u00e9e nationale<\/span><\/span><\/p>\n<\/td>\n<\/tr>\n<tr style=\"height: 54px;\">\n<td style=\"width: 50.0001%; height: 54px;\" align=\"LEFT\" valign=\"BOTTOM\" height=\"54\">\n<p><span style=\"color: #000000; font-size: medium;\">Fran\u00e7ois Ruffin<\/span><\/p>\n<\/td>\n<td style=\"width: 49.8809%; height: 54px;\" align=\"CENTER\" valign=\"BOTTOM\">\n<p><span style=\"color: #000000; font-size: medium;\"><span style=\"color: #000000; font-size: medium;\">D\u00e9put\u00e9 (FI) de la Somme<\/span><\/span><\/p>\n<\/td>\n<\/tr>\n<tr style=\"height: 57px;\">\n<td style=\"width: 50.0001%; height: 57px;\" align=\"LEFT\" valign=\"BOTTOM\" height=\"57\">\n<p><span style=\"color: #000000; font-size: medium;\">Cl\u00e9mentine Autain<\/span><\/p>\n<\/td>\n<td style=\"width: 49.8809%; height: 57px;\" align=\"CENTER\" valign=\"BOTTOM\">\n<p><span style=\"color: #000000; font-size: medium;\"><span style=\"color: #000000; font-size: medium;\">D\u00e9put\u00e9e (FI) de la Seine-Saint-Denis<\/span><\/span><\/p>\n<\/td>\n<\/tr>\n<tr style=\"height: 79px;\">\n<td style=\"width: 50.0001%; height: 79px;\" align=\"LEFT\" valign=\"BOTTOM\" height=\"79\">\n<p><span style=\"color: #000000; font-size: medium;\">Philippe Poutou<\/span><\/p>\n<\/td>\n<td style=\"width: 49.8809%; height: 79px;\" align=\"CENTER\" valign=\"BOTTOM\">\n<p><span style=\"color: #000000; font-size: medium;\"><span style=\"color: #000000; font-size: medium;\">Elu NPA au conseil municipal de Bordeaux, ancien candidat aux \u00e9lections pr\u00e9sidentielles<\/span><\/span><\/p>\n<\/td>\n<\/tr>\n<tr style=\"height: 55px;\">\n<td style=\"width: 50.0001%; height: 55px;\" align=\"LEFT\" valign=\"BOTTOM\" height=\"55\">\n<p><span style=\"color: #000000; font-size: medium;\">Jos\u00e9 Bov\u00e9<\/span><\/p>\n<\/td>\n<td style=\"width: 49.8809%; height: 55px;\" align=\"CENTER\" valign=\"BOTTOM\">\n<p><span style=\"color: #000000;\"><span style=\"color: #000000;\">Ancien porte-parole de la Conf\u00e9d\u00e9ration Paysanne et de la Via Campesina, ancien d\u00e9put\u00e9 Europ\u00e9en<\/span><\/span><\/p>\n<\/td>\n<\/tr>\n<tr style=\"height: 23px;\">\n<td style=\"width: 50.0001%; height: 23px;\">\n<p><span style=\"color: #000000; font-size: medium;\">Micha\u00ebl Bouloux<\/span><\/p>\n<\/td>\n<td style=\"width: 49.8809%; height: 23px; text-align: center;\">\n<p><span style=\"color: #000000;\"><span style=\"color: #000000;\">D\u00e9put\u00e9 (socialiste) Ille-et- Vilaine<\/span><\/span><\/p>\n<\/td>\n<\/tr>\n<tr style=\"height: 23px;\">\n<td style=\"width: 50.0001%; height: 23px;\">\n<p><span style=\"color: #000000; font-size: medium;\">Fabien Roussel<\/span><\/p>\n<\/td>\n<td style=\"width: 49.8809%; height: 23px; text-align: center;\">\n<p><span style=\"color: #000000;\"><span style=\"color: #000000;\">D\u00e9put\u00e9 (GDR) Nord<\/span><\/span><\/p>\n<\/td>\n<\/tr>\n<tr style=\"height: 23px;\">\n<td style=\"width: 50.0001%; height: 23px;\">\n<p><span style=\"color: #000000; font-size: medium;\">Aur\u00e9lie Trouv\u00e9<\/span><\/p>\n<\/td>\n<td style=\"width: 49.8809%; height: 23px; text-align: center;\">\n<p><span style=\"color: #000000;\"><span style=\"color: #000000;\">D\u00e9put\u00e9e (LFI) Seine-Saint-Denis<\/span><\/span><\/p>\n<\/td>\n<\/tr>\n<tr style=\"height: 23px;\">\n<td style=\"width: 50.0001%; height: 23px;\">\n<p><span style=\"color: #000000; font-size: medium;\">Thomas Portes<\/span><\/p>\n<\/td>\n<td style=\"width: 49.8809%; height: 23px; text-align: center;\">\n<p><span style=\"color: #000000;\"><span style=\"color: #000000;\">D\u00e9put\u00e9 (LFI) Seine-Saint-Denis<\/span><\/span><\/p>\n<\/td>\n<\/tr>\n<tr style=\"height: 23px;\">\n<td style=\"width: 50.0001%; height: 23px;\">\n<p><span style=\"color: #000000; font-size: medium;\">Marie Pochon<\/span><\/p>\n<\/td>\n<td style=\"width: 49.8809%; height: 23px; text-align: center;\">\n<p><span style=\"color: #000000;\"><span style=\"color: #000000;\">D\u00e9put\u00e9e (\u00e9cologiste) Dr\u00f4me<\/span><\/span><\/p>\n<\/td>\n<\/tr>\n<tr style=\"height: 23px;\">\n<td style=\"width: 50.0001%; height: 23px;\">\n<p><span style=\"color: #000000; font-size: medium;\">Jean F\u00e9lix Acquaviva<\/span><\/p>\n<\/td>\n<td style=\"width: 49.8809%; height: 23px; text-align: center;\">\n<p><span style=\"color: #000000;\"><span style=\"color: #000000;\">D\u00e9put\u00e9 (LIOT) Haute-Corse<\/span><\/span><\/p>\n<\/td>\n<\/tr>\n<tr style=\"height: 23px;\">\n<td style=\"width: 50.0001%; height: 23px;\">\n<p><span style=\"color: #000000; font-size: medium;\">Tematai Le Gayic<\/span><\/p>\n<\/td>\n<td style=\"width: 49.8809%; height: 23px; text-align: center;\">\n<p><span style=\"color: #000000;\"><span style=\"color: #000000;\">D\u00e9put\u00e9 (GDR) Polyn\u00e9sie fran\u00e7aise<\/span><\/span><\/p>\n<\/td>\n<\/tr>\n<tr style=\"height: 23px;\">\n<td style=\"width: 50.0001%; height: 23px;\">\n<p><span style=\"color: #000000; font-size: medium;\">Paul Molac<\/span><\/p>\n<\/td>\n<td style=\"width: 49.8809%; height: 23px; text-align: center;\">\n<p><span style=\"color: #000000;\"><span style=\"color: #000000;\">D\u00e9put\u00e9 (LIOt) Morbihan<\/span><\/span><\/p>\n<\/td>\n<\/tr>\n<tr style=\"height: 23px;\">\n<td style=\"width: 50.0001%; height: 23px;\">\n<p><span style=\"color: #000000; font-size: medium;\">Herv\u00e9 Saulignac<\/span><\/p>\n<\/td>\n<td style=\"width: 49.8809%; height: 23px; text-align: center;\">\n<p><span style=\"color: #000000;\"><span style=\"color: #000000;\">D\u00e9put\u00e9 (socialiste) Ard\u00e8che<\/span><\/span><\/p>\n<\/td>\n<\/tr>\n<tr style=\"height: 23px;\">\n<td style=\"width: 50.0001%; height: 23px;\">\n<p><span style=\"color: #000000; font-size: medium;\">Marie-No\u00eblle Battistel<\/span><\/p>\n<\/td>\n<td style=\"width: 49.8809%; height: 23px; text-align: center;\">\n<p><span style=\"color: #000000;\"><span style=\"color: #000000;\">D\u00e9put\u00e9e (socialiste) Is\u00e8re<\/span><\/span><\/p>\n<\/td>\n<\/tr>\n<tr style=\"height: 23px;\">\n<td style=\"width: 50.0001%; height: 23px;\">\n<p><span style=\"color: #000000; font-size: medium;\">Michel Castellani<\/span><\/p>\n<\/td>\n<td style=\"width: 49.8809%; height: 23px; text-align: center;\">\n<p><span style=\"color: #000000;\"><span style=\"color: #000000;\">D\u00e9put\u00e9 (LIOT) Haute Corse<\/span><\/span><\/p>\n<\/td>\n<\/tr>\n<tr style=\"height: 23px;\">\n<td style=\"width: 50.0001%; height: 23px;\">\n<p><span style=\"color: #000000; font-size: medium;\">Claudia Rouaux<\/span><\/p>\n<\/td>\n<td style=\"width: 49.8809%; height: 23px; text-align: center;\">\n<p><span style=\"color: #000000;\"><span style=\"color: #000000;\">D\u00e9put\u00e9e (socialiste) Ille-et- Vilaine<\/span><\/span><\/p>\n<\/td>\n<\/tr>\n<tr style=\"height: 23px;\">\n<td style=\"width: 50.0001%; height: 23px;\">\n<p><span style=\"color: #000000; font-size: medium;\">Dominique Potier<\/span><\/p>\n<\/td>\n<td style=\"width: 49.8809%; height: 23px; text-align: center;\">\n<p><span style=\"color: #000000;\"><span style=\"color: #000000;\">D\u00e9put\u00e9 (Socialiste) Meurthe-et-Moselle<\/span><\/span><\/p>\n<\/td>\n<\/tr>\n<tr style=\"height: 23px;\">\n<td style=\"width: 50.0001%; height: 23px;\">\n<p><span style=\"color: #000000; font-size: medium;\">St\u00e9phane Delautret<\/span><\/p>\n<\/td>\n<td style=\"width: 49.8809%; height: 23px; text-align: center;\">\n<p><span style=\"color: #000000;\"><span style=\"color: #000000;\">D\u00e9put\u00e9 (socialiste) Haute-Vienne<\/span><\/span><\/p>\n<\/td>\n<\/tr>\n<tr style=\"height: 23px;\">\n<td style=\"width: 50.0001%; height: 23px;\">\n<p><span style=\"color: #000000; font-size: medium;\">Paul- Andr\u00e9 Colombani<\/span><\/p>\n<\/td>\n<td style=\"width: 49.8809%; height: 23px; text-align: center;\">\n<p><span style=\"color: #000000;\"><span style=\"color: #000000;\">D\u00e9put\u00e9 (LIOT) Corse-du-Sud<\/span><\/span><\/p>\n<\/td>\n<\/tr>\n<tr style=\"height: 23px;\">\n<td style=\"width: 50.0001%; height: 23px;\">\n<p><span style=\"color: #000000; font-size: medium;\">Hadrien Clouet<\/span><\/p>\n<\/td>\n<td style=\"width: 49.8809%; height: 23px; text-align: center;\">\n<p><span style=\"color: #000000;\"><span style=\"color: #000000;\">D\u00e9put\u00e9 (LFI) Haute-Garonne<\/span><\/span><\/p>\n<\/td>\n<\/tr>\n<tr style=\"height: 23px;\">\n<td style=\"width: 50.0001%; height: 23px;\">\n<p><span style=\"color: #000000; font-size: medium;\">Mathilde Panot<\/span><\/p>\n<\/td>\n<td style=\"width: 49.8809%; height: 23px; text-align: center;\">\n<p><span style=\"color: #000000;\"><span style=\"color: #000000;\">D\u00e9put\u00e9e (LFI) Val-de-Marne<\/span><\/span><\/p>\n<\/td>\n<\/tr>\n<tr>\n<td style=\"width: 50.0001%;\">\n<p><span style=\"color: #000000; font-size: medium;\"><span class=\"css-1qaijid r-bcqeeo r-qvutc0 r-poiln3\">Alexis Corbi\u00e8re<\/span><\/span><\/p>\n<\/td>\n<td style=\"width: 49.8809%; text-align: center;\">\n<p><span style=\"color: #000000;\"><span style=\"color: #000000;\"><span class=\"css-1qaijid r-bcqeeo r-qvutc0 r-poiln3\">D\u00e9put\u00e9 de la Seine-Saint-Denis &#8211; Montreuil et Bagnolet.<\/span>(LFI)<\/span><\/span><\/p>\n<\/td>\n<\/tr>\n<tr style=\"height: 23px;\">\n<td style=\"width: 50.0001%; height: 23px;\">\n<p><span style=\"color: #000000; font-size: medium;\">Maud Petit<\/span><\/p>\n<\/td>\n<td style=\"width: 49.8809%; height: 23px; text-align: center;\">\n<p><span style=\"color: #000000;\"><span style=\"color: #000000;\">D\u00e9put\u00e9e (Modem et Ind\u00e9pendant) Val-de-Marne<\/span><\/span><\/p>\n<\/td>\n<\/tr>\n<tr style=\"height: 23px;\">\n<td style=\"width: 50.0001%; height: 23px;\">\n<p><span style=\"color: #000000; font-size: medium;\">Fran\u00e7ois Piquemal<\/span><\/p>\n<\/td>\n<td style=\"width: 49.8809%; height: 23px; text-align: center;\">\n<p><span style=\"color: #000000;\"><span style=\"color: #000000;\">D\u00e9put\u00e9( LFI) Haute-Garonne<\/span><\/span><\/p>\n<\/td>\n<\/tr>\n<tr style=\"height: 23px;\">\n<td style=\"width: 50.0001%; height: 23px;\">\n<p><span style=\"color: #000000; font-size: medium;\">Manuel Bompard<\/span><\/p>\n<\/td>\n<td style=\"width: 49.8809%; height: 23px; text-align: center;\">\n<p><span style=\"color: #000000;\"><span style=\"color: #000000;\">D\u00e9put\u00e9 (LFI) Bouches-du-Rhones<\/span><\/span><\/p>\n<\/td>\n<\/tr>\n<tr style=\"height: 23px;\">\n<td style=\"width: 50.0001%; height: 23px;\">\n<p><span style=\"color: #000000; font-size: medium;\">Bertrand Pancher<\/span><\/p>\n<\/td>\n<td style=\"width: 49.8809%; height: 23px; text-align: center;\">\n<p><span style=\"color: #000000;\"><span style=\"color: #000000;\">D\u00e9put\u00e9 (LFI) Meuse<\/span><\/span><\/p>\n<\/td>\n<\/tr>\n<tr style=\"height: 46px;\">\n<td style=\"width: 50.0001%; height: 46px;\">\n<p>Fr\u00e9d\u00e9ric \u00a0Petit<\/p>\n<\/td>\n<td style=\"width: 49.8809%; height: 46px; text-align: center;\">\n<p>D\u00e9put\u00e9 des fran\u00e7ais \u00e9tablis hors de France (Allemagne, Europe centrale et Balkans)<\/p>\n<\/td>\n<\/tr>\n<tr style=\"height: 23px;\">\n<td style=\"width: 50.0001%; height: 23px;\">\n<p>Josy Poueyto<\/p>\n<\/td>\n<td style=\"width: 49.8809%; height: 23px; text-align: center;\">\n<p>D\u00e9put\u00e9e des Pyren\u00e9es Atlantiques<\/p>\n<\/td>\n<\/tr>\n<tr style=\"height: 23px;\">\n<td style=\"width: 50.0001%; height: 23px;\">\n<p>Sophie Mette<\/p>\n<\/td>\n<td style=\"width: 49.8809%; height: 23px; text-align: center;\">\n<p>D\u00e9put\u00e9e de la Gironde<\/p>\n<\/td>\n<\/tr>\n<tr style=\"height: 46px;\">\n<td style=\"width: 50.0001%; height: 46px;\">\n<p><span style=\"color: #000000; font-size: medium;\">Christian Guyonvarc&rsquo;h<\/span><\/p>\n<\/td>\n<td style=\"width: 49.8809%; height: 46px; text-align: center;\">\n<p><span style=\"color: #000000;\"><span style=\"color: #000000;\">Conseiller r\u00e9gional (UDB) de Bretagne, ancien vice-pr\u00e9sident<\/span><\/span><\/p>\n<\/td>\n<\/tr>\n<tr style=\"height: 46px;\">\n<td style=\"width: 50.0001%; height: 46px;\">\n<p><span style=\"color: #000000; font-size: medium;\">Daniel Cueff<\/span><\/p>\n<\/td>\n<td style=\"width: 49.8809%; height: 46px; text-align: center;\">\n<p><span style=\"color: #000000;\"><span style=\"color: #000000;\">Maire Honoraire de Langouet, Vice-Pr\u00e9sident de la R\u00e9gion Bretagne\u00a0\u00bb <\/span><\/span><\/p>\n<\/td>\n<\/tr>\n<tr style=\"height: 23px;\">\n<td style=\"width: 50.0001%; height: 23px;\">\n<p><span style=\"color: #000000; font-size: medium;\">Ana Sohier<\/span><\/p>\n<\/td>\n<td style=\"width: 49.8809%; height: 23px; text-align: center;\">\n<p><span style=\"color: #000000;\"><span style=\"color: #000000;\">Conseill\u00e8re r\u00e9gionale (UDB) de Bretagne<\/span><\/span><\/p>\n<\/td>\n<\/tr>\n<tr style=\"height: 23px;\">\n<td style=\"width: 50.0001%; height: 23px;\">\n<p><span style=\"color: #000000; font-size: medium;\">Gael Briand<\/span><\/p>\n<\/td>\n<td style=\"width: 49.8809%; height: 23px; text-align: center;\">\n<p><span style=\"color: #000000;\"><span style=\"color: #000000;\">Conseiller r\u00e9gional (UDB) de Bretagne <\/span><\/span><\/p>\n<\/td>\n<\/tr>\n<tr style=\"height: 23px;\">\n<td style=\"width: 50.0001%; height: 23px;\">\n<p><span style=\"color: #000000; font-size: medium;\">Nil Caouissin<\/span><\/p>\n<\/td>\n<td style=\"width: 49.8809%; height: 23px; text-align: center;\">\n<p><span style=\"color: #000000;\"><span style=\"color: #000000;\">Conseiller r\u00e9gional (UDB) de Bretagne <\/span><\/span><\/p>\n<\/td>\n<\/tr>\n<tr style=\"height: 23px;\">\n<td style=\"width: 50.0001%; height: 23px;\">\n<p><span style=\"color: #000000; font-size: medium;\">Denez Marchand<\/span><\/p>\n<\/td>\n<td style=\"width: 49.8809%; height: 23px; text-align: center;\">\n<p><span style=\"color: #000000;\"><span style=\"color: #000000;\">Conseiller d\u00e9partemental (UDB) d&rsquo;Ille-et-Vilaine <\/span><\/span><\/p>\n<\/td>\n<\/tr>\n<tr style=\"height: 23px;\">\n<td style=\"width: 50.0001%; height: 23px;\">C\u00e9cile Untermaier<\/td>\n<td style=\"width: 49.8809%; height: 23px; text-align: center;\">D\u00e9put\u00e9e (PS)<\/td>\n<\/tr>\n<tr style=\"height: 23px;\">\n<td style=\"width: 50.0001%; height: 23px;\">Marietta Karamanli<\/td>\n<td style=\"width: 49.8809%; height: 23px; text-align: center;\">D\u00e9put\u00e9e (PS), ancienne rapporteure de l\u2019apce du rapport portant \u00ab\u00a0prot\u00e9ger les victimes du terrorisme\u00a0\u00bb<\/td>\n<\/tr>\n<tr style=\"height: 23px;\">\n<td style=\"width: 50.0001%; height: 23px;\"><span class=\"OYPEnA text-decoration-none text-strikethrough-none\">Gilles Sim\u00e9oni<\/span><\/td>\n<td style=\"width: 49.8809%; height: 23px; text-align: center;\"><span class=\"OYPEnA text-decoration-none text-strikethrough-none\">Pr\u00e9sident du Conseil Ex\u00e9cutif de Corse ( Femu \u00e0 Corsica &amp; Fa Populu Inseme)<\/span><\/td>\n<\/tr>\n<tr style=\"height: 23px;\">\n<td style=\"width: 50.0001%; height: 23px;\">J\u00e9r\u00f4me Gleize<\/td>\n<td style=\"width: 49.8809%; height: 23px; text-align: center;\">\u00c9lu conseiller de Paris (EELV)<\/td>\n<\/tr>\n<\/tbody>\n<\/table>\n<p><!-- \/wp:tadv\/classic-paragraph --><\/p>\n<p><!-- wp:tadv\/classic-paragraph --><\/p>\n<h2 style=\"text-align: center;\"><strong>Organisations<\/strong><\/h2>\n<table style=\"border-collapse: collapse; width: 100%;\">\n<tbody>\n<tr>\n<td style=\"width: 49.2857%;\" align=\"LEFT\" valign=\"BOTTOM\" width=\"316\" height=\"60\"><span style=\"color: #000000; font-size: medium;\">Benoit Teste<\/span><\/td>\n<td style=\"width: 50.5953%;\" align=\"CENTER\" valign=\"BOTTOM\" width=\"815\"><span style=\"color: #000000; font-size: medium;\"><span style=\"color: #000000; font-size: medium;\">Secr\u00e9taire G\u00e9n\u00e9ral de la FSU<\/span><\/span><\/td>\n<\/tr>\n<tr>\n<td style=\"width: 49.2857%;\" align=\"LEFT\" valign=\"BOTTOM\" height=\"52\"><span style=\"color: #000000; font-size: medium;\">Murielle Guilbert <\/span><\/td>\n<td style=\"width: 50.5953%;\" align=\"CENTER\" valign=\"BOTTOM\"><span style=\"color: #000000; font-size: medium;\"><span style=\"color: #000000; font-size: medium;\">Co-secr\u00e9taire des Solidaires<\/span><\/span><\/td>\n<\/tr>\n<tr>\n<td style=\"width: 49.2857%;\" align=\"LEFT\" valign=\"BOTTOM\" height=\"62\"><span style=\"color: #000000; font-size: medium;\">Laurence Marandola<\/span><\/td>\n<td style=\"width: 50.5953%;\" align=\"CENTER\" valign=\"BOTTOM\"><span style=\"color: #000000;\"><span style=\"color: #000000;\">Porte-parole Conf\u00e9d\u00e9ration paysanne<\/span><\/span><\/td>\n<\/tr>\n<\/tbody>\n<\/table>\n<p><!-- \/wp:tadv\/classic-paragraph --><\/p>\n<p><!-- wp:tadv\/classic-paragraph --><\/p>\n<h2 style=\"text-align: center;\"><strong>Personnalit\u00e9s de la soci\u00e9t\u00e9 civile<\/strong><\/h2>\n<table style=\"border-collapse: collapse; width: 100%; height: 1079px;\">\n<tbody>\n<tr style=\"height: 69px;\">\n<td style=\"width: 48.5714%; height: 69px;\" align=\"LEFT\" valign=\"BOTTOM\" height=\"69\">Jean Marie Burguburu<\/td>\n<td style=\"width: 51.3095%; height: 69px;\" align=\"CENTER\" valign=\"BOTTOM\">Avocat au Barreau de Paris, ancien B\u00e2tonnier<\/td>\n<\/tr>\n<tr style=\"height: 60px;\">\n<td style=\"width: 48.5714%; height: 60px;\" align=\"LEFT\" valign=\"BOTTOM\" width=\"316\" height=\"60\"><span style=\"color: #000000; font-size: medium;\">Philippe Texier<\/span><\/td>\n<td style=\"width: 51.3095%; height: 60px;\" align=\"CENTER\" valign=\"BOTTOM\" width=\"815\"><span style=\"color: #000000; font-size: medium;\"><span style=\"color: #000000; font-size: medium;\">Magistrat honoraire<\/span><\/span><\/td>\n<\/tr>\n<tr style=\"height: 57px;\">\n<td style=\"width: 48.5714%; height: 57px;\" align=\"LEFT\" valign=\"BOTTOM\" height=\"57\"><span style=\"color: #000000; font-size: medium;\">Serge Portelli<\/span><\/td>\n<td style=\"width: 51.3095%; height: 57px;\" align=\"CENTER\" valign=\"BOTTOM\"><span style=\"color: #000000; font-size: medium;\"><span style=\"color: #000000; font-size: medium;\">Avocat, magistrat honoraire<\/span><\/span><\/td>\n<\/tr>\n<tr style=\"height: 60px;\">\n<td style=\"width: 48.5714%; height: 60px;\" align=\"LEFT\" valign=\"BOTTOM\" height=\"60\"><span style=\"color: #000000; font-size: medium;\">Jean-Pierre Mignard<\/span><\/td>\n<td style=\"width: 51.3095%; height: 60px;\" align=\"CENTER\" valign=\"BOTTOM\"><span style=\"color: #000000; font-size: medium;\"><span style=\"color: #000000; font-size: medium;\">Avocat<\/span><\/span><\/td>\n<\/tr>\n<tr style=\"height: 57px;\">\n<td style=\"width: 48.5714%; height: 57px;\" align=\"LEFT\" valign=\"BOTTOM\" height=\"57\"><span style=\"color: #000000; font-size: medium;\">Marie Darrieussecq<\/span><\/td>\n<td style=\"width: 51.3095%; height: 57px;\" align=\"CENTER\" valign=\"BOTTOM\"><span style=\"color: #000000; font-size: medium;\"><span style=\"color: #000000; font-size: medium;\">Ecrivaine<\/span><\/span><\/td>\n<\/tr>\n<tr style=\"height: 62px;\">\n<td style=\"width: 48.5714%; height: 62px;\" align=\"LEFT\" valign=\"BOTTOM\" height=\"62\"><span style=\"color: #000000; font-size: medium;\">Florence Delay<\/span><\/td>\n<td style=\"width: 51.3095%; height: 62px;\" align=\"CENTER\" valign=\"BOTTOM\"><span style=\"color: #000000; font-size: medium;\"><span style=\"color: #000000; font-size: medium;\">De l\u2019Acad\u00e9mie Fran\u00e7aise, \u00e9crivain<\/span><\/span><\/td>\n<\/tr>\n<tr style=\"height: 86px;\">\n<td style=\"width: 48.5714%; height: 86px;\" align=\"LEFT\" valign=\"BOTTOM\" height=\"86\"><span style=\"color: #000000; font-size: medium;\">Fran\u00e7ois Dufour<\/span><\/td>\n<td style=\"width: 51.3095%; height: 86px;\" align=\"CENTER\" valign=\"BOTTOM\"><span style=\"color: #000000; font-size: medium;\"><span style=\"color: #000000; font-size: medium;\">Ancien porte-parole de la Conf\u00e9d\u00e9ration Paysanne et ancien vice-pr\u00e9sident de la r\u00e9gion Basse-Normandie<\/span><\/span><\/td>\n<\/tr>\n<tr style=\"height: 79px;\">\n<td style=\"width: 48.5714%; height: 79px;\" align=\"LEFT\" valign=\"BOTTOM\" height=\"79\"><span style=\"color: #000000; font-size: medium;\">Annick Coup\u00e9<\/span><\/td>\n<td style=\"width: 51.3095%; height: 79px;\" align=\"CENTER\" valign=\"BOTTOM\"><span style=\"color: #000000; font-size: medium;\"><span style=\"color: #000000; font-size: medium;\">Ancienne porte-parole de Solidaires et secr\u00e9taire g\u00e9n\u00e9rale d\u2019ATTAC<\/span><\/span><\/td>\n<\/tr>\n<tr style=\"height: 59px;\">\n<td style=\"width: 48.5714%; height: 59px;\" align=\"LEFT\" valign=\"BOTTOM\" height=\"59\"><span style=\"color: #000000; font-size: medium;\">Edgar Morin<\/span><\/td>\n<td style=\"width: 51.3095%; height: 59px;\" align=\"CENTER\" valign=\"BOTTOM\"><span style=\"color: #000000; font-size: medium;\"><span style=\"color: #000000; font-size: medium;\">Philosophe<\/span><\/span><\/td>\n<\/tr>\n<tr style=\"height: 59px;\">\n<td style=\"width: 48.5714%; height: 59px;\" align=\"LEFT\" valign=\"BOTTOM\" height=\"59\"><span style=\"color: #000000; font-size: medium;\">Susan George<\/span><\/td>\n<td style=\"width: 51.3095%; height: 59px;\" align=\"CENTER\" valign=\"BOTTOM\"><span style=\"color: #000000; font-size: medium;\"><span style=\"color: #000000; font-size: medium;\">\u00c9crivaine<\/span><\/span><\/td>\n<\/tr>\n<tr style=\"height: 55px;\">\n<td style=\"width: 48.5714%; height: 55px;\" align=\"LEFT\" valign=\"BOTTOM\" height=\"55\"><span style=\"color: #000000; font-size: medium;\">Sorj Chalandon<\/span><\/td>\n<td style=\"width: 51.3095%; height: 55px;\" align=\"CENTER\" valign=\"BOTTOM\"><span style=\"color: #000000; font-size: medium;\"><span style=\"color: #000000; font-size: medium;\">\u00c9crivain<\/span><\/span><\/td>\n<\/tr>\n<tr style=\"height: 68px;\">\n<td style=\"width: 48.5714%; height: 68px;\"><span style=\"color: #000000; font-size: medium;\">Fabienne Servan Schreiber<\/span><\/td>\n<td style=\"width: 51.3095%; height: 68px;\">\n<p style=\"text-align: center;\"><span style=\"color: #000000; font-size: medium;\"><span style=\"color: #000000; font-size: medium;\">Productrice de film<\/span><\/span><\/p>\n<\/td>\n<\/tr>\n<tr style=\"height: 64px;\">\n<td style=\"width: 48.5714%; height: 64px;\" align=\"LEFT\" valign=\"BOTTOM\" height=\"64\"><span style=\"color: #000000; font-size: medium;\">Thomas Bidegain<\/span><\/td>\n<td style=\"width: 51.3095%; height: 64px;\" align=\"CENTER\" valign=\"BOTTOM\"><span style=\"color: #000000; font-size: medium;\"><span style=\"color: #000000; font-size: medium;\">Sc\u00e9nariste et r\u00e9alisateur<\/span><\/span><\/td>\n<\/tr>\n<tr style=\"height: 54px;\">\n<td style=\"width: 48.5714%; height: 54px;\" align=\"LEFT\" valign=\"BOTTOM\" height=\"54\"><span style=\"color: #000000; font-size: medium;\">Herv\u00e9 Di Rosa<\/span><\/td>\n<td style=\"width: 51.3095%; height: 54px;\" align=\"CENTER\" valign=\"BOTTOM\"><span style=\"color: #000000; font-size: medium;\"><span style=\"color: #000000; font-size: medium;\">Artiste, peintre<\/span><\/span><\/td>\n<\/tr>\n<tr style=\"height: 57px;\">\n<td style=\"width: 48.5714%; height: 57px;\" align=\"LEFT\" valign=\"BOTTOM\" height=\"57\"><span style=\"color: #000000; font-size: medium;\">Marie France Etchegoin<\/span><\/td>\n<td style=\"width: 51.3095%; height: 57px;\" align=\"CENTER\" valign=\"BOTTOM\"><span style=\"color: #000000; font-size: medium;\"><span style=\"color: #000000; font-size: medium;\">Ecrivaine et journaliste<\/span><\/span><\/td>\n<\/tr>\n<tr style=\"height: 64px;\">\n<td style=\"width: 48.5714%; height: 64px;\" align=\"LEFT\" valign=\"BOTTOM\" height=\"64\"><span style=\"color: #000000; font-size: medium;\">Edwy Plenel<\/span><\/td>\n<td style=\"width: 51.3095%; height: 64px;\" align=\"CENTER\" valign=\"BOTTOM\"><span style=\"color: #000000; font-size: medium;\"><span style=\"color: #000000; font-size: medium;\">Journaliste<\/span><\/span><\/td>\n<\/tr>\n<tr style=\"height: 69px;\">\n<td style=\"width: 48.5714%; height: 69px;\" align=\"LEFT\" valign=\"BOTTOM\" height=\"69\"><span style=\"color: #000000; font-size: medium;\">Jon Palais<\/span><\/td>\n<td style=\"width: 51.3095%; height: 69px;\" align=\"CENTER\" valign=\"BOTTOM\"><span style=\"color: #000000;\"><span style=\"color: #000000;\">Co-fondateur d&rsquo;Alternatiba et d&rsquo;ANV-COP21<\/span><\/span><\/td>\n<\/tr>\n<\/tbody>\n<\/table>\n<p><!-- \/wp:tadv\/classic-paragraph --><\/p>\n<p><!-- wp:tadv\/classic-paragraph --><\/p>\n<h2 style=\"text-align: center;\"><strong>Elu.e.s et r\u00e9pr\u00e9sentant.e.s politique du Pays Basque et des institutions locales<br \/><\/strong><\/h2>\n<table style=\"border-collapse: collapse; width: 100%; height: 1894px;\">\n<tbody>\n<tr style=\"height: 60px;\">\n<td style=\"width: 48.9286%; height: 60px;\" align=\"LEFT\" valign=\"BOTTOM\" width=\"316\" height=\"60\">\n<p><span style=\"color: #000000; font-size: medium;\">Fr\u00e9d\u00e9rique Espagnac<\/span><\/p>\n<\/td>\n<td style=\"width: 50.9523%; height: 60px;\" align=\"CENTER\" valign=\"BOTTOM\" width=\"815\">\n<p><span style=\"color: #000000; font-size: medium;\"><span style=\"color: #000000; font-size: medium;\">S\u00e9natrice (PS) des Pyr\u00e9n\u00e9es-Atlantiques<\/span><\/span><\/p>\n<\/td>\n<\/tr>\n<tr style=\"height: 55px;\">\n<td style=\"width: 48.9286%; height: 55px;\" align=\"LEFT\" valign=\"BOTTOM\" height=\"55\">\n<p><span style=\"color: #000000; font-size: medium;\">Denise Saint-P\u00e9<\/span><\/p>\n<\/td>\n<td style=\"width: 50.9523%; height: 55px;\" align=\"CENTER\" valign=\"BOTTOM\">\n<p><span style=\"color: #000000; font-size: medium;\"><span style=\"color: #000000; font-size: medium;\">S\u00e9natrice (Modem) des Pyr\u00e9n\u00e9es-Atlantiques<\/span><\/span><\/p>\n<\/td>\n<\/tr>\n<tr style=\"height: 59px;\">\n<td style=\"width: 48.9286%; height: 59px;\" align=\"LEFT\" valign=\"BOTTOM\" height=\"59\">\n<p><span style=\"color: #000000; font-size: medium;\">Max Brisson<\/span><\/p>\n<\/td>\n<td style=\"width: 50.9523%; height: 59px;\" align=\"CENTER\" valign=\"BOTTOM\">\n<p><span style=\"color: #000000; font-size: medium;\"><span style=\"color: #000000; font-size: medium;\">S\u00e9nateur (LR) des Pyr\u00e9n\u00e9es-Atlantiques<\/span><\/span><\/p>\n<\/td>\n<\/tr>\n<tr style=\"height: 59px;\">\n<td style=\"width: 48.9286%; height: 59px;\" align=\"LEFT\" valign=\"BOTTOM\" height=\"59\">\n<p><span style=\"color: #000000; font-size: medium;\">Vincent Bru<\/span><\/p>\n<\/td>\n<td style=\"width: 50.9523%; height: 59px;\" align=\"CENTER\" valign=\"BOTTOM\">\n<p><span style=\"color: #000000; font-size: medium;\"><span style=\"color: #000000; font-size: medium;\">D\u00e9put\u00e9 de la majorit\u00e9 de la VIe circonscription des Pyr\u00e9n\u00e9es-Atlantiques<\/span><\/span><\/p>\n<\/td>\n<\/tr>\n<tr style=\"height: 65px;\">\n<td style=\"width: 48.9286%; height: 65px;\" align=\"LEFT\" valign=\"BOTTOM\" height=\"65\">\n<p><span style=\"color: #000000; font-size: medium;\">Florence Lasserre<\/span><\/p>\n<\/td>\n<td style=\"width: 50.9523%; height: 65px;\" align=\"CENTER\" valign=\"BOTTOM\">\n<p><span style=\"color: #000000; font-family: Ubuntu; font-size: medium;\"><span style=\"color: #000000; font-family: Ubuntu; font-size: medium;\">D\u00e9put\u00e9 (Modem) de la Ve Circonscription des Pyr\u00e9n\u00e9es Atlantiques<\/span><\/span><\/p>\n<\/td>\n<\/tr>\n<tr style=\"height: 70px;\">\n<td style=\"width: 48.9286%; height: 70px;\" align=\"LEFT\" valign=\"BOTTOM\" height=\"55\">\n<p><span style=\"color: #000000; font-size: medium;\">Inaki Echaniz<\/span><\/p>\n<\/td>\n<td style=\"width: 50.9523%; height: 70px;\" align=\"CENTER\" valign=\"BOTTOM\">\n<p><span style=\"color: #000000; font-size: medium;\"><span style=\"color: #000000; font-size: medium;\">D\u00e9put\u00e9 (PS) des Pyr\u00e9n\u00e9es Atlantiques et vice-pr\u00e9sident du groupe parlementaire France-Espagne<\/span><\/span><\/p>\n<\/td>\n<\/tr>\n<tr style=\"height: 60px;\">\n<td style=\"width: 48.9286%; height: 60px;\" align=\"LEFT\" valign=\"BOTTOM\" height=\"60\">\n<p><span style=\"color: #000000; font-size: medium;\">Alain Rousset <\/span><\/p>\n<\/td>\n<td style=\"width: 50.9523%; height: 60px;\" align=\"CENTER\" valign=\"BOTTOM\">\n<p><span style=\"color: #000000; font-size: medium;\"><span style=\"color: #000000; font-size: medium;\">Pr\u00e9sident (PS) de la R\u00e9gion Nouvelle Aquitaine<\/span><\/span><\/p>\n<\/td>\n<\/tr>\n<tr style=\"height: 59px;\">\n<td style=\"width: 48.9286%; height: 59px;\" align=\"LEFT\" valign=\"BOTTOM\" height=\"59\">\n<p><span style=\"color: #000000; font-size: medium;\">Jean-Jacques Lasserre<\/span><\/p>\n<\/td>\n<td style=\"width: 50.9523%; height: 59px;\" align=\"CENTER\" valign=\"BOTTOM\">\n<p><span style=\"color: #000000; font-size: medium;\"><span style=\"color: #000000; font-size: medium;\">Pr\u00e9sident (Modem) du Conseil D\u00e9partemental des Pyr\u00e9n\u00e9es-Atlantiques<\/span><\/span><\/p>\n<\/td>\n<\/tr>\n<tr style=\"height: 79px;\">\n<td style=\"width: 48.9286%; height: 79px;\" align=\"LEFT\" valign=\"BOTTOM\" height=\"79\">\n<p><span style=\"color: #000000; font-size: medium;\">Jean-Ren\u00e9 Etchegaray<\/span><\/p>\n<\/td>\n<td style=\"width: 50.9523%; height: 79px;\" align=\"CENTER\" valign=\"BOTTOM\">\n<p><span style=\"color: #000000; font-size: medium;\"><span style=\"color: #000000; font-size: medium;\">Pr\u00e9sident de la Communaut\u00e9 d&rsquo;agglom\u00e9ration Pays Basque et Maire (Rennaissance) de Bayonne<\/span><\/span><\/p>\n<\/td>\n<\/tr>\n<tr style=\"height: 106px;\">\n<td style=\"width: 48.9286%; height: 106px;\" align=\"LEFT\" valign=\"BOTTOM\" height=\"106\">\n<p><span style=\"color: #000000; font-size: medium;\">Daniel Ol\u00e7omendy<\/span><\/p>\n<\/td>\n<td style=\"width: 50.9523%; height: 106px;\" align=\"CENTER\" valign=\"BOTTOM\">\n<p><span style=\"color: #000000; font-size: medium;\"><span style=\"color: #000000; font-size: medium;\">Pr\u00e9sident du Biltzar des Maires du Pays Basque, Vice-pr\u00e9sident de la Communaut\u00e9 d&rsquo;agglom\u00e9ration Pays Basque, Maire (EHBai) d&rsquo;Ostabat-Asme<\/span><\/span><\/p>\n<\/td>\n<\/tr>\n<tr style=\"height: 70px;\">\n<td style=\"width: 48.9286%; height: 70px;\" align=\"LEFT\" valign=\"BOTTOM\" height=\"65\">\n<p><span style=\"color: #000000; font-size: medium;\">Ren\u00e9e Carrique<\/span><\/p>\n<\/td>\n<td style=\"width: 50.9523%; height: 70px;\" align=\"CENTER\" valign=\"BOTTOM\">\n<p><span style=\"color: #000000; font-size: medium;\"><span style=\"color: #000000; font-size: medium;\">1\u00e8re Vice-pr\u00e9sidente de la Communaut\u00e9 d&rsquo;Agglom\u00e9ration Pays Basque, maire d\u2019Idaux-Mendy. <br \/><\/span><\/span><\/p>\n<\/td>\n<\/tr>\n<tr style=\"height: 70px;\">\n<td style=\"width: 48.9286%; height: 70px;\" align=\"LEFT\" valign=\"BOTTOM\" height=\"55\">\n<p><span style=\"color: #000000; font-size: medium;\">Kotte Ecenarro<\/span><\/p>\n<\/td>\n<td style=\"width: 50.9523%; height: 70px;\" align=\"CENTER\" valign=\"BOTTOM\">\n<p><span style=\"color: #000000; font-size: medium;\"><span style=\"color: #000000; font-size: medium;\">Vice-pr\u00e9sident \u00e0 la Communaute d&rsquo;Agglom\u00e9ration Pays Basque Maire (PS) d&rsquo;Hendaye. <br \/><\/span><\/span><\/p>\n<\/td>\n<\/tr>\n<tr style=\"height: 70px;\">\n<td style=\"width: 48.9286%; height: 70px;\" align=\"LEFT\" valign=\"BOTTOM\" height=\"52\">\n<p><span style=\"color: #000000; font-size: medium;\">Maider Arosteguy <\/span><\/p>\n<\/td>\n<td style=\"width: 50.9523%; height: 70px;\" align=\"CENTER\" valign=\"BOTTOM\">\n<p><span style=\"color: #000000; font-size: medium;\"><span style=\"color: #000000; font-size: medium;\">\u00a0Vice-pr\u00e9sidente de la Communaut\u00e9 d&rsquo;Agglom\u00e9ration Pays Basque, Maire de Biarritz (LR) et<br \/><\/span><\/span><\/p>\n<\/td>\n<\/tr>\n<tr style=\"height: 46px;\">\n<td style=\"width: 48.9286%; height: 46px;\">\n<p>Bruno Carrere<\/p>\n<\/td>\n<td style=\"width: 50.9523%; height: 46px; text-align: center;\">\n<p>Vice-Pr\u00e9sident de la Communaut\u00e9 d&rsquo;Agglom\u00e9ration Pays Basque, Maire d\u2019Ustaritz P\u00f4le Errobi<\/p>\n<\/td>\n<\/tr>\n<tr style=\"height: 46px;\">\n<td style=\"width: 48.9286%; height: 46px;\">\n<p>Antton Curutcharry<\/p>\n<\/td>\n<td style=\"width: 50.9523%; text-align: center; height: 46px;\">\n<p>Vice-Pr\u00e9sident de la Communaut\u00e9 d&rsquo;Agglom\u00e9ration Pays Basque, Maire de Baigorri<\/p>\n<\/td>\n<\/tr>\n<tr style=\"height: 46px;\">\n<td style=\"width: 48.9286%; height: 46px;\">\n<p>Roland Hirigoyen<\/p>\n<\/td>\n<td style=\"width: 50.9523%; text-align: center; height: 46px;\">\n<p>Vice-Pr\u00e9sident de la Communaut\u00e9 d&rsquo;Agglom\u00e9ration Pays Basque, Maire de Mougerre.<\/p>\n<\/td>\n<\/tr>\n<tr style=\"height: 46px;\">\n<td style=\"width: 48.9286%; height: 46px;\">\n<p>Jean-Fran\u00e7ois Irigoyen<\/p>\n<\/td>\n<td style=\"width: 50.9523%; text-align: center; height: 46px;\">\n<p>Vice-Pr\u00e9sident de la Communaut\u00e9 d&rsquo;Agglom\u00e9ration Pays Basque, Maire de St Jean de Luz .<\/p>\n<\/td>\n<\/tr>\n<tr>\n<td style=\"width: 48.9286%;\">\n<p>Isabelle Pargade<\/p>\n<\/td>\n<td style=\"width: 50.9523%; text-align: center;\">\n<p>Vice-Pr\u00e9sidente de la Communaut\u00e9 d&rsquo;Agglom\u00e9ration Pays Basque, Maire d&rsquo;Hasparren et conseill\u00e8re d\u00e9partemental.<\/p>\n<\/td>\n<\/tr>\n<tr style=\"height: 70px;\">\n<td style=\"width: 48.9286%; height: 70px;\" align=\"LEFT\" valign=\"BOTTOM\" height=\"69\">\n<p><span style=\"color: #000000; font-size: medium;\">Alain Iriart<\/span><\/p>\n<\/td>\n<td style=\"width: 50.9523%; height: 70px;\" align=\"CENTER\" valign=\"BOTTOM\">\n<p><span style=\"color: #000000; font-size: medium;\"><span style=\"color: #000000; font-size: medium;\">Maire (EHBai) de Saint-Pierre-d&rsquo;Irube, responsable du p\u00f4le Nive Adour de la Communaut\u00e9 d&rsquo;Agglom\u00e9rtation Pays Basque<\/span><\/span><\/p>\n<\/td>\n<\/tr>\n<tr style=\"height: 70px;\">\n<td style=\"width: 48.9286%; height: 70px;\" align=\"LEFT\" valign=\"BOTTOM\" height=\"59\">\n<p><span style=\"color: #000000; font-size: medium;\">Peio Etxeleku<\/span><\/p>\n<\/td>\n<td style=\"width: 50.9523%; height: 70px;\" align=\"CENTER\" valign=\"BOTTOM\">\n<p><span style=\"color: #000000; font-size: medium;\"><span style=\"color: #000000; font-size: medium;\">Pr\u00e9sident du PNB et responsable du p\u00f4le Errobi de la Communaut\u00e9 d&rsquo;Agglom\u00e9ration Pays Basque<\/span><\/span><\/p>\n<\/td>\n<\/tr>\n<tr style=\"height: 46px;\">\n<td style=\"width: 48.9286%; height: 46px;\">\n<p><span style=\"color: #000000; font-size: medium;\">Eneko Aldana<br \/><\/span><\/p>\n<\/td>\n<td style=\"width: 50.9523%; text-align: center; height: 46px;\">\n<p><span style=\"color: #000000; font-size: medium;\"><span style=\"color: #000000; font-size: medium;\">R\u00e9f\u00e9rent et animateur du P\u00f4le territorial Sud Pays Basque Maire de Ciboure <\/span><\/span><\/p>\n<\/td>\n<\/tr>\n<tr style=\"height: 23px;\">\n<td style=\"width: 48.9286%; height: 23px;\">\n<p><span style=\"color: #000000; font-size: medium;\">Filipe Aramendi<br \/><\/span><\/p>\n<\/td>\n<td style=\"width: 50.9523%; text-align: center; height: 23px;\">\n<p><span style=\"color: #000000; font-size: medium;\"><span style=\"color: #000000; font-size: medium;\">Maire d&rsquo;Urrugne et conseiller d\u00e9l\u00e9gu\u00e9 \u00e0 la CAPB<\/span><\/span><\/p>\n<\/td>\n<\/tr>\n<tr style=\"height: 23px;\">\n<td style=\"width: 48.9286%; height: 23px;\">\n<p><span style=\"color: #000000; font-size: medium;\">Solange Demarcq Eguiguren<br \/><\/span><\/p>\n<\/td>\n<td style=\"width: 50.9523%; text-align: center; height: 23px;\">\n<p><span style=\"color: #000000; font-size: medium;\"><span style=\"color: #000000; font-size: medium;\">Maire de Biriatou et conseill\u00e9re d\u00e9l\u00e9gu\u00e9e \u00e0 la CAPB<\/span><\/span><\/p>\n<\/td>\n<\/tr>\n<tr>\n<td style=\"width: 48.9286%;\">\n<p><span style=\"color: #000000; font-size: medium;\"><span data-sheets-root=\"1\" data-sheets-value=\"{&quot;1&quot;:2,&quot;2&quot;:&quot;Bleuze &quot;}\" data-sheets-userformat=\"{&quot;2&quot;:12417,&quot;3&quot;:{&quot;1&quot;:0,&quot;3&quot;:1},&quot;10&quot;:2,&quot;15&quot;:&quot;Calibri&quot;,&quot;16&quot;:11}\">Anthony Bleuze <\/span><\/span><\/p>\n<\/td>\n<td style=\"width: 50.9523%; text-align: center;\">\n<p><span style=\"color: #000000; font-size: medium;\"><span style=\"color: #000000; font-size: medium;\">R\u00e9f\u00e9rent et animateur du P\u00f4le territorial ACBA Adjoint \u00e0 la Maire D&rsquo;anglet. <\/span><\/span><\/p>\n<\/td>\n<\/tr>\n<tr style=\"height: 23px;\">\n<td style=\"width: 48.9286%; height: 23px;\">\n<p><span style=\"color: #000000; font-size: medium;\">Arno Gastambide <br \/><\/span><\/p>\n<\/td>\n<td style=\"width: 50.9523%; text-align: center; height: 23px;\">\n<p><span style=\"color: #000000; font-size: medium;\"><span style=\"color: #000000; font-size: medium;\">Conseiller d\u00e9l\u00e9gu\u00e9e \u00e0 la CAPB et Maire de Ayherre<br \/><\/span><\/span><\/p>\n<\/td>\n<\/tr>\n<tr style=\"height: 23px;\">\n<td style=\"width: 48.9286%; height: 23px;\">\n<p><span style=\"color: #000000; font-size: medium;\">Xavier Lacoste<br \/><\/span><\/p>\n<\/td>\n<td style=\"width: 50.9523%; text-align: center; height: 23px;\">\n<p><span style=\"color: #000000; font-size: medium;\"><span style=\"color: #000000; font-size: medium;\">Maire d&rsquo;Irisarry et D\u00e9l\u00e9gu\u00e9 de P\u00f4le <\/span><\/span><\/p>\n<\/td>\n<\/tr>\n<tr style=\"height: 54px;\">\n<td style=\"width: 48.9286%; height: 54px;\" align=\"LEFT\" valign=\"BOTTOM\" height=\"54\">\n<p><span style=\"color: #000000; font-size: medium;\">Sophie Bussi\u00e8re<\/span><\/p>\n<\/td>\n<td style=\"width: 50.9523%; height: 54px;\" align=\"CENTER\" valign=\"BOTTOM\">\n<p><span style=\"color: #000000; font-size: medium;\"><span style=\"color: #000000; font-size: medium;\">Porte-parole EELV-Les \u00e9cologistes et Conseill\u00e8re R\u00e9gionale de Nouvelle Aquitaine<br \/><\/span><\/span><\/p>\n<\/td>\n<\/tr>\n<tr style=\"height: 62px;\">\n<td style=\"width: 48.9286%; height: 62px;\" align=\"LEFT\" valign=\"BOTTOM\" height=\"62\">\n<p><span style=\"color: #000000; font-size: medium;\">Emilie Dutoya<\/span><\/p>\n<\/td>\n<td style=\"width: 50.9523%; height: 62px;\" align=\"CENTER\" valign=\"BOTTOM\">\n<p><span style=\"color: #000000; font-size: medium;\"><span style=\"color: #000000; font-size: medium;\">Conseill\u00e8re R\u00e9gionale (PS) de Nouvelle Aquitaine-Adjointe \u00e0 Ciboure<\/span><\/span><\/p>\n<\/td>\n<\/tr>\n<tr>\n<td style=\"width: 48.9286%;\">\n<p><span style=\"color: #000000; font-size: medium;\">Sandrine <span data-sheets-root=\"1\" data-sheets-value=\"{&quot;1&quot;:2,&quot;2&quot;:&quot;Derville &quot;}\" data-sheets-userformat=\"{&quot;2&quot;:513,&quot;3&quot;:{&quot;1&quot;:0},&quot;12&quot;:0}\">Derville <\/span><br \/><\/span><\/p>\n<\/td>\n<td style=\"width: 50.9523%;\">\n<p style=\"text-align: center;\"><span style=\"color: #000000; font-size: medium;\"><span style=\"color: #000000; font-size: medium;\">Conseiller.e r\u00e9gional.e de Nouvelle Aquitaine<br \/><\/span><\/span><\/p>\n<\/td>\n<\/tr>\n<tr style=\"height: 23px;\">\n<td style=\"width: 48.9286%; height: 23px;\">\n<p><span style=\"color: #000000; font-size: medium;\">Mathieu Berge<br \/><\/span><\/p>\n<\/td>\n<td style=\"width: 50.9523%; height: 23px; text-align: center;\">\n<p><span style=\"color: #000000; font-size: medium;\"><span style=\"color: #000000; font-size: medium;\">Conseiller r\u00e9gional (PS) de Nouvelle Aquitaine<\/span><\/span><\/p>\n<\/td>\n<\/tr>\n<tr style=\"height: 23px;\">\n<td style=\"width: 48.9286%; height: 23px;\">\n<p><span style=\"color: #000000; font-size: medium;\">Bixente Etchezaharreta<br \/><\/span><\/p>\n<\/td>\n<td style=\"width: 50.9523%; height: 23px; text-align: center;\">\n<p><span style=\"color: #000000; font-size: medium;\"><span style=\"color: #000000; font-size: medium;\">Conseiller r\u00e9gional (G\u00e9n\u00e9ration) de Nouvelle Aquitaine<\/span><\/span><\/p>\n<\/td>\n<\/tr>\n<tr style=\"height: 23px;\">\n<td style=\"width: 48.9286%; height: 23px;\">\n<p><span style=\"color: #000000; font-size: medium;\">Andde Sainte &#8211; Marie<br \/><\/span><\/p>\n<\/td>\n<td style=\"width: 50.9523%; height: 23px; text-align: center;\">\n<p><span style=\"color: #000000; font-size: medium;\"><span style=\"color: #000000; font-size: medium;\">Conseiller r\u00e9gional de Nouvelle Aquitaine<\/span><\/span><\/p>\n<\/td>\n<\/tr>\n<tr>\n<td style=\"width: 48.9286%;\" align=\"LEFT\" valign=\"BOTTOM\" width=\"316\" height=\"62\">\n<p><span style=\"color: #000000;\">Olivier Alleman<br \/><\/span><\/p>\n<\/td>\n<td style=\"width: 50.9523%; text-align: center;\" align=\"LEFT\" valign=\"BOTTOM\" width=\"815\">\n<p><span style=\"color: #000000;\">Adjoint \u00e0 la mairie de Bayonne, Conseiller communautaire et d\u00e9partemental, (Majorit\u00e9 d\u00e9partementale ) <br \/><\/span><\/p>\n<\/td>\n<\/tr>\n<tr>\n<td style=\"width: 48.9286%;\" align=\"LEFT\" valign=\"BOTTOM\" height=\"62\">\n<p><span style=\"color: #000000;\">Iker Elizalde<br \/><\/span><\/p>\n<\/td>\n<td style=\"width: 50.9523%; text-align: center;\" align=\"LEFT\" valign=\"BOTTOM\">\n<p><span style=\"color: #000000;\">Conseiller d\u00e9partemental ( Ehbai) <br \/><\/span><\/p>\n<\/td>\n<\/tr>\n<tr>\n<td style=\"width: 48.9286%;\" align=\"LEFT\" valign=\"BOTTOM\" height=\"62\">\n<p><span style=\"color: #000000;\">Joseba Erremundeguy<br \/><\/span><\/p>\n<\/td>\n<td style=\"width: 50.9523%; text-align: center;\" align=\"LEFT\" valign=\"BOTTOM\">\n<p><span style=\"color: #000000;\">Conseiller municipale de Bayonne, Conseiller communautaire et d\u00e9partemental ( Majorit\u00e9 d\u00e9partementale ) <br \/><\/span><\/p>\n<\/td>\n<\/tr>\n<tr>\n<td style=\"width: 48.9286%;\" align=\"LEFT\" valign=\"BOTTOM\" height=\"62\">\n<p><span style=\"color: #000000;\">Annie Poveda<br \/><\/span><\/p>\n<\/td>\n<td style=\"width: 50.9523%; text-align: center;\" align=\"LEFT\" valign=\"BOTTOM\">\n<p><span style=\"color: #000000;\">Conseill\u00e8re municipale d&rsquo;Urrugne et d\u00e9partementale ( Ehbai) <br \/><\/span><\/p>\n<\/td>\n<\/tr>\n<tr>\n<td style=\"width: 48.9286%;\" align=\"LEFT\" valign=\"BOTTOM\" width=\"316\" height=\"62\">\n<p><span style=\"color: #000000;\">Jean-Michel Anchordoquy<br \/><\/span><\/p>\n<\/td>\n<td style=\"width: 50.9523%; text-align: center;\" align=\"LEFT\" valign=\"BOTTOM\" width=\"815\">\n<p><span style=\"color: #000000;\">Maire de Bidarray et conseiller \u00e0 la CAPB <br \/><\/span><\/p>\n<\/td>\n<\/tr>\n<tr>\n<td style=\"width: 48.9286%;\" align=\"LEFT\" valign=\"BOTTOM\" width=\"316\" height=\"62\">\n<p><span style=\"color: #000000;\">Benat Arrabit<br \/><\/span><\/p>\n<\/td>\n<td style=\"width: 50.9523%; text-align: center;\" align=\"LEFT\" valign=\"BOTTOM\" width=\"815\">\n<p><span style=\"color: #000000;\">Maire d&rsquo;Arrossa et conseiller communautaire <br \/><\/span><\/p>\n<\/td>\n<\/tr>\n<tr>\n<td style=\"width: 48.9286%;\" align=\"LEFT\" valign=\"BOTTOM\" height=\"62\">\n<p><span style=\"color: #000000;\">Sauveur Bacho<br \/><\/span><\/p>\n<\/td>\n<td style=\"width: 50.9523%; text-align: center;\" align=\"LEFT\" valign=\"BOTTOM\">\n<p><span style=\"color: #000000;\">Maire d&rsquo;Arberats Sill\u00e8gue et conseiller communautaire <br \/><\/span><\/p>\n<\/td>\n<\/tr>\n<tr>\n<td style=\"width: 48.9286%;\" align=\"LEFT\" valign=\"BOTTOM\" height=\"62\">\n<p><span style=\"color: #000000;\">Maider Behoteguy<br \/><\/span><\/p>\n<\/td>\n<td style=\"width: 50.9523%; text-align: center;\" align=\"LEFT\" valign=\"BOTTOM\">\n<p><span style=\"color: #000000;\">Maire de Bardos, conseill\u00e8re communautaire et d\u00e9partementale <br \/><\/span><\/p>\n<\/td>\n<\/tr>\n<tr>\n<td style=\"width: 48.9286%;\" align=\"LEFT\" valign=\"BOTTOM\" height=\"62\">\n<p><span style=\"color: #000000;\">Jean Michel Bicain<br \/><\/span><\/p>\n<\/td>\n<td style=\"width: 50.9523%; text-align: center;\" align=\"LEFT\" valign=\"BOTTOM\">\n<p><span style=\"color: #000000;\">Maire de Gamarthe <br \/><\/span><\/p>\n<\/td>\n<\/tr>\n<tr>\n<td style=\"width: 48.9286%;\" align=\"LEFT\" valign=\"BOTTOM\" height=\"62\">\n<p><span style=\"color: #000000;\">Jean-Paul Bidart<br \/><\/span><\/p>\n<\/td>\n<td style=\"width: 50.9523%; text-align: center;\" align=\"LEFT\" valign=\"BOTTOM\">\n<p><span style=\"color: #000000;\">Maire de Ahaxe <br \/><\/span><\/p>\n<\/td>\n<\/tr>\n<tr>\n<td style=\"width: 48.9286%;\" align=\"LEFT\" valign=\"BOTTOM\" width=\"316\" height=\"65\">\n<p><span style=\"color: #000000;\">Pierre Carricart<br \/><\/span><\/p>\n<\/td>\n<td style=\"width: 50.9523%; text-align: center;\" align=\"LEFT\" valign=\"BOTTOM\" width=\"815\">\n<p><span style=\"color: #000000;\">Maire de Haux <br \/><\/span><\/p>\n<\/td>\n<\/tr>\n<tr>\n<td style=\"width: 48.9286%;\" align=\"LEFT\" valign=\"BOTTOM\" width=\"316\" height=\"70\">\n<p><span style=\"color: #000000;\">Fran\u00e7oise Dagorret<br \/><\/span><\/p>\n<\/td>\n<td style=\"width: 50.9523%; text-align: center;\" align=\"LEFT\" valign=\"BOTTOM\" width=\"815\">\n<p><span style=\"color: #000000;\">Maire de la Bastide Clairence et conseiller communautaire <br \/><\/span><\/p>\n<\/td>\n<\/tr>\n<tr>\n<td style=\"width: 48.9286%;\" align=\"LEFT\" valign=\"BOTTOM\" height=\"60\">\n<p><span style=\"color: #000000;\">Raymond Darricarrere<br \/><\/span><\/p>\n<\/td>\n<td style=\"width: 50.9523%; text-align: center;\" align=\"LEFT\" valign=\"BOTTOM\">\n<p><span style=\"color: #000000;\">Maire d&rsquo;Urcuit et conseiller communautaire <br \/><\/span><\/p>\n<\/td>\n<\/tr>\n<tr>\n<td style=\"width: 48.9286%;\" align=\"LEFT\" valign=\"BOTTOM\" width=\"316\" height=\"65\">\n<p><span style=\"color: #000000;\">Alain Dubois<br \/><\/span><\/p>\n<\/td>\n<td style=\"width: 50.9523%; text-align: center;\" align=\"LEFT\" valign=\"BOTTOM\" width=\"815\">\n<p><span style=\"color: #000000;\">Maire de Macaye et conseiller communautaire <br \/><\/span><\/p>\n<\/td>\n<\/tr>\n<tr>\n<td style=\"width: 48.9286%;\" align=\"LEFT\" valign=\"BOTTOM\" height=\"67\">\n<p><span style=\"color: #000000;\">Philippe Elizalde<br \/><\/span><\/p>\n<\/td>\n<td style=\"width: 50.9523%; text-align: center;\" align=\"LEFT\" valign=\"BOTTOM\">\n<p><span style=\"color: #000000;\">Maire de Ahetze Ahetzeko auzapeza<\/span><\/p>\n<\/td>\n<\/tr>\n<tr>\n<td style=\"width: 48.9286%;\" align=\"LEFT\" valign=\"BOTTOM\" height=\"69\">\n<p><span style=\"color: #000000;\">Chantal Erguy<br \/><\/span><\/p>\n<\/td>\n<td style=\"width: 50.9523%; text-align: center;\" align=\"LEFT\" valign=\"BOTTOM\">\n<p><span style=\"color: #000000;\">Maire d&rsquo;A\u00efcirits-Camou-Suhast et conseill\u00e9re communautaire <br \/><\/span><\/p>\n<\/td>\n<\/tr>\n<tr>\n<td style=\"width: 48.9286%;\" align=\"LEFT\" valign=\"BOTTOM\" height=\"62\">\n<p><span style=\"color: #000000;\">Ren\u00e9e Etchemendy<br \/><\/span><\/p>\n<\/td>\n<td style=\"width: 50.9523%; text-align: center;\" align=\"LEFT\" valign=\"BOTTOM\">\n<p><span style=\"color: #000000;\">Maire de Suhescun Suskuneko auzapeza<\/span><\/p>\n<\/td>\n<\/tr>\n<tr>\n<td style=\"width: 48.9286%;\" align=\"LEFT\" valign=\"BOTTOM\" height=\"65\">\n<p><span style=\"color: #000000;\">Philippe Etchenique<br \/><\/span><\/p>\n<\/td>\n<td style=\"width: 50.9523%; text-align: center;\" align=\"LEFT\" valign=\"BOTTOM\">\n<p><span style=\"color: #000000;\">Maire d&rsquo;Ascarat et conseiller communautaire <br \/><\/span><\/p>\n<\/td>\n<\/tr>\n<tr>\n<td style=\"width: 48.9286%;\" align=\"LEFT\" valign=\"BOTTOM\" height=\"65\">\n<p><span style=\"color: #000000;\">Philippe Etchepare<br \/><\/span><\/p>\n<\/td>\n<td style=\"width: 50.9523%; text-align: center;\" align=\"LEFT\" valign=\"BOTTOM\">\n<p><span style=\"color: #000000;\">Maire d&rsquo;Helette et conseiller communautaire <br \/><\/span><\/p>\n<\/td>\n<\/tr>\n<tr>\n<td style=\"width: 48.9286%;\" align=\"LEFT\" valign=\"BOTTOM\" height=\"18\">\n<p><span style=\"color: #000000;\">Maite Etchevarria<br \/><\/span><\/p>\n<\/td>\n<td style=\"width: 50.9523%; text-align: center;\" align=\"LEFT\" valign=\"BOTTOM\">\n<p><span style=\"color: #000000;\">Maire de Ossas-Suhare <br \/><\/span><\/p>\n<\/td>\n<\/tr>\n<tr>\n<td style=\"width: 48.9286%;\" align=\"LEFT\" valign=\"BOTTOM\" height=\"70\">\n<p><span style=\"color: #000000;\">Jean-Louis Fournier<br \/><\/span><\/p>\n<\/td>\n<td style=\"width: 50.9523%; text-align: center;\" align=\"LEFT\" valign=\"BOTTOM\">\n<p><span style=\"color: #000000;\">Maire d&rsquo;Ascain et conseiller communautaire <br \/><\/span><\/p>\n<\/td>\n<\/tr>\n<tr>\n<td style=\"width: 48.9286%;\" align=\"LEFT\" valign=\"BOTTOM\" width=\"316\" height=\"70\">\n<p><span style=\"color: #000000;\">Joseph Goienetxe<br \/><\/span><\/p>\n<\/td>\n<td style=\"width: 50.9523%; text-align: center;\" align=\"LEFT\" valign=\"BOTTOM\" width=\"815\">\n<p><span style=\"color: #000000;\">Maire de Lekunberri <br \/><\/span><\/p>\n<\/td>\n<\/tr>\n<tr>\n<td style=\"width: 48.9286%;\" align=\"LEFT\" valign=\"BOTTOM\" height=\"25\">\n<p><span style=\"color: #000000;\">Jean-Pierre Harriet<br \/><\/span><\/p>\n<\/td>\n<td style=\"width: 50.9523%; text-align: center;\" align=\"LEFT\" valign=\"BOTTOM\">\n<p><span style=\"color: #000000;\">Maire de Louhossoa et conseiller d\u00e9partemental <br \/><\/span><\/p>\n<\/td>\n<\/tr>\n<tr>\n<td style=\"width: 48.9286%;\" align=\"LEFT\" valign=\"BOTTOM\" width=\"316\" height=\"60\">\n<p><span style=\"color: #000000;\">David Hugla<br \/><\/span><\/p>\n<\/td>\n<td style=\"width: 50.9523%; text-align: center;\" align=\"LEFT\" valign=\"BOTTOM\" width=\"815\">\n<p><span style=\"color: #000000;\">Maire de lahonce et conseiller communautaire <br \/><\/span><\/p>\n<\/td>\n<\/tr>\n<tr>\n<td style=\"width: 48.9286%;\" align=\"LEFT\" valign=\"BOTTOM\" height=\"67\">\n<p><span style=\"color: #000000;\">Laurent Inchauspe<br \/><\/span><\/p>\n<\/td>\n<td style=\"width: 50.9523%; text-align: center;\" align=\"LEFT\" valign=\"BOTTOM\">\n<p><span style=\"color: #000000;\">Maire de St Jean Pied de Port et conseiller communautaire <br \/><\/span><\/p>\n<\/td>\n<\/tr>\n<tr>\n<td style=\"width: 48.9286%;\" align=\"LEFT\" valign=\"BOTTOM\" height=\"67\">\n<p><span style=\"color: #000000;\">Jean Claude Ibargaray<br \/><\/span><\/p>\n<\/td>\n<td style=\"width: 50.9523%; text-align: center;\" align=\"LEFT\" valign=\"BOTTOM\">\n<p><span style=\"color: #000000;\">Maire de Lacarre <br \/><\/span><\/p>\n<\/td>\n<\/tr>\n<tr>\n<td style=\"width: 48.9286%;\" align=\"LEFT\" valign=\"BOTTOM\" height=\"57\">\n<p><span style=\"color: #000000;\">Sebastien Ihidoy<br \/><\/span><\/p>\n<\/td>\n<td style=\"width: 50.9523%; text-align: center;\" align=\"LEFT\" valign=\"BOTTOM\">\n<p><span style=\"color: #000000;\">Maire de Mendive <br \/><\/span><\/p>\n<\/td>\n<\/tr>\n<tr>\n<td style=\"width: 48.9286%;\" align=\"LEFT\" valign=\"BOTTOM\" height=\"60\">\n<p><span style=\"color: #000000;\">Michel Iribarren<br \/><\/span><\/p>\n<\/td>\n<td style=\"width: 50.9523%; text-align: center;\" align=\"LEFT\" valign=\"BOTTOM\">\n<p><span style=\"color: #000000;\">Maire de Itxassou <br \/><\/span><\/p>\n<\/td>\n<\/tr>\n<tr>\n<td style=\"width: 48.9286%;\" align=\"LEFT\" valign=\"BOTTOM\" height=\"59\">\n<p><span style=\"color: #000000;\">Jean-Pierre Iriart<br \/><\/span><\/p>\n<\/td>\n<td style=\"width: 50.9523%; text-align: center;\" align=\"LEFT\" valign=\"BOTTOM\">\n<p><span style=\"color: #000000;\">Maire d&rsquo;Alos Sibas Abense et conseiller communautaire <br \/><\/span><\/p>\n<\/td>\n<\/tr>\n<tr>\n<td style=\"width: 48.9286%;\" align=\"LEFT\" valign=\"BOTTOM\" width=\"316\" height=\"55\">\n<p><span style=\"color: #000000;\">Jean-Marie Iputcha<br \/><\/span><\/p>\n<\/td>\n<td style=\"width: 50.9523%; text-align: center;\" align=\"LEFT\" valign=\"BOTTOM\" width=\"815\">\n<p><span style=\"color: #000000;\">Maire d&rsquo;Espelette et conseiller communautaire <br \/><\/span><\/p>\n<\/td>\n<\/tr>\n<tr>\n<td style=\"width: 48.9286%;\" align=\"LEFT\" valign=\"BOTTOM\" height=\"28\">\n<p><span style=\"color: #000000;\">Louis Labadot<br \/><\/span><\/p>\n<\/td>\n<td style=\"width: 50.9523%; text-align: center;\" align=\"LEFT\" valign=\"BOTTOM\">\n<p><span style=\"color: #000000;\">Maire de Maul\u00e9on et conseiller communautaire <br \/><\/span><\/p>\n<\/td>\n<\/tr>\n<tr>\n<td style=\"width: 48.9286%;\" align=\"LEFT\" valign=\"BOTTOM\" height=\"64\">\n<p><span style=\"color: #000000;\">Batitt Laborde<br \/><\/span><\/p>\n<\/td>\n<td style=\"width: 50.9523%; text-align: center;\" align=\"LEFT\" valign=\"BOTTOM\">\n<p><span style=\"color: #000000;\">Maire de sare et conseiller communautaire<\/span><\/p>\n<\/td>\n<\/tr>\n<tr>\n<td style=\"width: 48.9286%;\" align=\"LEFT\" valign=\"BOTTOM\" height=\"69\">\n<p><span style=\"color: #000000;\">Christelle Mange<br \/><\/span><\/p>\n<\/td>\n<td style=\"width: 50.9523%; text-align: center;\" align=\"LEFT\" valign=\"BOTTOM\">\n<p><span style=\"color: #000000;\">Maire de Ch\u00e9raute et conseill\u00e8re communautaire <br \/><\/span><\/p>\n<\/td>\n<\/tr>\n<tr>\n<td style=\"width: 48.9286%;\" align=\"LEFT\" valign=\"BOTTOM\" height=\"65\">\n<p><span style=\"color: #000000;\">Marie-Jos\u00e9 Mialocq<br \/><\/span><\/p>\n<\/td>\n<td style=\"width: 50.9523%; text-align: center;\" align=\"LEFT\" valign=\"BOTTOM\">\n<p><span style=\"color: #000000;\">Maire deArbonne et conseill\u00e8re communautaire <br \/><\/span><\/p>\n<\/td>\n<\/tr>\n<tr>\n<td style=\"width: 48.9286%;\" align=\"LEFT\" valign=\"BOTTOM\" height=\"70\">\n<p><span style=\"color: #000000;\">NPascal Neguelouart<br \/><\/span><\/p>\n<\/td>\n<td style=\"width: 50.9523%; text-align: center;\" align=\"LEFT\" valign=\"BOTTOM\">\n<p><span style=\"color: #000000;\">Maire de Behorleguy <br \/><\/span><\/p>\n<\/td>\n<\/tr>\n<tr>\n<td style=\"width: 48.9286%;\" align=\"LEFT\" valign=\"BOTTOM\" height=\"69\">\n<p><span style=\"color: #000000;\">Jean-Marc Ocafrain<br \/><\/span><\/p>\n<\/td>\n<td style=\"width: 50.9523%; text-align: center;\" align=\"LEFT\" valign=\"BOTTOM\">\n<p><span style=\"color: #000000;\">Maire de Oss\u00e8s <br \/><\/span><\/p>\n<\/td>\n<\/tr>\n<tr>\n<td style=\"width: 48.9286%;\" align=\"LEFT\" valign=\"BOTTOM\" width=\"316\" height=\"67\">\n<p><span style=\"color: #000000;\">Maite Pitrau<br \/><\/span><\/p>\n<\/td>\n<td style=\"width: 50.9523%; text-align: center;\" align=\"LEFT\" valign=\"BOTTOM\" width=\"815\">\n<p><span style=\"color: #000000;\">Maire de Tardets <br \/><\/span><\/p>\n<\/td>\n<\/tr>\n<tr>\n<td style=\"width: 48.9286%;\" align=\"LEFT\" valign=\"BOTTOM\" height=\"37\">\n<p><span style=\"color: #000000;\">Jean-Louis Prebende<br \/><\/span><\/p>\n<\/td>\n<td style=\"width: 50.9523%; text-align: center;\" align=\"LEFT\" valign=\"BOTTOM\">\n<p><span style=\"color: #000000;\">Maire de Gabat <br \/><\/span><\/p>\n<\/td>\n<\/tr>\n<tr>\n<td style=\"width: 48.9286%;\" align=\"LEFT\" valign=\"BOTTOM\" height=\"52\">\n<p><span style=\"color: #000000;\">Martin Suquilbide<br \/><\/span><\/p>\n<\/td>\n<td style=\"width: 50.9523%; text-align: center;\" align=\"LEFT\" valign=\"BOTTOM\">\n<p><span style=\"color: #000000;\">Maire de Aldudes <br \/><\/span><\/p>\n<\/td>\n<\/tr>\n<\/tbody>\n<\/table>\n<p><!-- \/wp:tadv\/classic-paragraph --><\/p>\n<p><!-- wp:tadv\/classic-paragraph --><\/p>\n<h2 style=\"text-align: center;\"><strong>Organisations et personnalit\u00e9s de la soci\u00e9t\u00e9 civile<br \/><\/strong><\/h2>\n<table style=\"border-collapse: collapse; width: 100%; height: 1530px;\">\n<tbody>\n<tr style=\"height: 65px;\">\n<td style=\"width: 48.6905%; height: 65px;\" align=\"LEFT\" valign=\"BOTTOM\" width=\"316\" height=\"65\"><span style=\"color: #000000; font-size: medium;\">Andr\u00e9 Garreta<\/span><\/td>\n<td style=\"width: 51.1905%; height: 65px;\" align=\"CENTER\" valign=\"BOTTOM\" width=\"815\"><span style=\"color: #000000; font-size: medium;\"><span style=\"color: #000000; font-size: medium;\">Pr\u00e9sident de la Chambre de commerce et d\u2019industrie de Bayonne Pays Basque<\/span><\/span><\/td>\n<\/tr>\n<tr style=\"height: 67px;\">\n<td style=\"width: 48.6905%; height: 67px;\" align=\"LEFT\" valign=\"BOTTOM\" height=\"67\"><span style=\"color: #000000; font-size: medium;\">Paxkal Indo<\/span><\/td>\n<td style=\"width: 51.1905%; height: 67px;\" align=\"CENTER\" valign=\"BOTTOM\"><span style=\"color: #000000; font-size: medium;\"><span style=\"color: #000000; font-size: medium;\">Pr\u00e9sident du Conseil de d\u00e9veloppement du Pays Basque<\/span><\/span><\/td>\n<\/tr>\n<tr style=\"height: 70px;\">\n<td style=\"width: 48.6905%; height: 70px;\" align=\"LEFT\" valign=\"BOTTOM\" height=\"70\"><span style=\"color: #000000; font-size: medium;\">Martine Bouchet<\/span><\/td>\n<td style=\"width: 51.1905%; height: 70px;\" align=\"CENTER\" valign=\"BOTTOM\"><span style=\"color: #000000; font-size: medium;\"><span style=\"color: #000000; font-size: medium;\">Vice-Pr\u00e9sidente du Conseil d\u00e9veloppement du Pays Basque et \u00e9crivaine<\/span><\/span><\/td>\n<\/tr>\n<tr style=\"height: 60px;\">\n<td style=\"width: 48.6905%; height: 60px;\" align=\"LEFT\" valign=\"BOTTOM\" height=\"60\"><span style=\"color: #000000; font-size: medium;\">Argitxu Dufau<\/span><\/td>\n<td style=\"width: 51.1905%; height: 60px;\" align=\"CENTER\" valign=\"BOTTOM\"><span style=\"color: #000000; font-size: medium;\"><span style=\"color: #000000; font-size: medium;\">Secr\u00e9taire g\u00e9n\u00e9rale du syndicat LAB<\/span><\/span><\/td>\n<\/tr>\n<tr style=\"height: 49px;\">\n<td style=\"width: 48.6905%; height: 49px;\" align=\"LEFT\" valign=\"BOTTOM\" height=\"49\"><span style=\"color: #000000; font-size: medium;\">Barth Mottay<\/span><\/td>\n<td style=\"width: 51.1905%; height: 49px;\" align=\"CENTER\" valign=\"BOTTOM\"><span style=\"color: #000000; font-size: medium;\"><span style=\"color: #000000; font-size: medium;\">FSU<\/span><\/span><\/td>\n<\/tr>\n<tr style=\"height: 65px;\">\n<td style=\"width: 48.6905%; height: 65px;\" align=\"LEFT\" valign=\"BOTTOM\" height=\"65\"><span style=\"color: #000000; font-size: medium;\">Mercedes Graciet<\/span><\/td>\n<td style=\"width: 51.1905%; height: 65px;\" align=\"CENTER\" valign=\"BOTTOM\"><span style=\"color: #000000; font-size: medium;\"><span style=\"color: #000000; font-size: medium;\">Secr\u00e9taire g\u00e9n\u00e9rale CFDT Pays Basque<\/span><\/span><\/td>\n<\/tr>\n<tr style=\"height: 67px;\">\n<td style=\"width: 48.6905%; height: 67px;\" align=\"LEFT\" valign=\"BOTTOM\" height=\"67\"><span style=\"color: #000000; font-size: medium;\">Gabi Mouesca<\/span><\/td>\n<td style=\"width: 51.1905%; height: 67px;\" align=\"CENTER\" valign=\"BOTTOM\"><span style=\"color: #000000; font-size: medium;\"><span style=\"color: #000000; font-size: medium;\">Fondateur et directeur de la ferme Emma\u00fcs Baudonne<\/span><\/span><\/td>\n<\/tr>\n<tr style=\"height: 79px;\">\n<td style=\"width: 48.6905%; height: 79px;\" align=\"LEFT\" valign=\"BOTTOM\" height=\"79\"><span style=\"color: #000000; font-size: medium;\">Maryse Cachenaut<\/span><\/td>\n<td style=\"width: 51.1905%; height: 79px;\" align=\"CENTER\" valign=\"BOTTOM\"><span style=\"color: #000000; font-size: medium;\"><span style=\"color: #000000; font-size: medium;\">Paysanne<\/span><\/span><\/td>\n<\/tr>\n<tr style=\"height: 69px;\">\n<td style=\"width: 48.6905%; height: 69px;\" align=\"LEFT\" valign=\"BOTTOM\" height=\"69\"><span style=\"color: #000000; font-size: medium;\">Xebax Christy<\/span><\/td>\n<td style=\"width: 51.1905%; height: 69px;\" align=\"CENTER\" valign=\"BOTTOM\"><span style=\"color: #000000; font-size: medium;\"><span style=\"color: #000000; font-size: medium;\">Co-pr\u00e9sident d&rsquo;Alda association de locataires<\/span><\/span><\/td>\n<\/tr>\n<tr style=\"height: 64px;\">\n<td style=\"width: 48.6905%; height: 64px;\" align=\"LEFT\" valign=\"BOTTOM\" height=\"64\"><span style=\"color: #000000; font-size: medium;\">Marie Cosnay<\/span><\/td>\n<td style=\"width: 51.1905%; height: 64px;\" align=\"CENTER\" valign=\"BOTTOM\"><span style=\"color: #000000; font-size: medium;\"><span style=\"color: #000000; font-size: medium;\">Ecrivaine<\/span><\/span><\/td>\n<\/tr>\n<tr style=\"height: 62px;\">\n<td style=\"width: 48.6905%; height: 62px;\" align=\"LEFT\" valign=\"BOTTOM\" height=\"62\"><span style=\"color: #000000; font-size: medium;\">Mehdi Ouraoui<\/span><\/td>\n<td style=\"width: 51.1905%; height: 62px;\" align=\"CENTER\" valign=\"BOTTOM\"><span style=\"color: #000000; font-size: medium;\"><span style=\"color: #000000; font-size: medium;\">Ecrivain<\/span><\/span><\/td>\n<\/tr>\n<tr style=\"height: 65px;\">\n<td style=\"width: 48.6905%; height: 65px;\" align=\"LEFT\" valign=\"BOTTOM\" height=\"65\"><span style=\"color: #000000; font-size: medium;\">Jurgi Ekiza<\/span><\/td>\n<td style=\"width: 51.1905%; height: 65px;\" align=\"CENTER\" valign=\"BOTTOM\"><span style=\"color: #000000; font-size: medium;\"><span style=\"color: #000000; font-size: medium;\">Chanteur<\/span><\/span><\/td>\n<\/tr>\n<tr style=\"height: 68px;\">\n<td style=\"width: 48.6905%; height: 68px;\"><span style=\"color: #000000; font-size: medium;\">\u00a0<\/span><\/td>\n<td style=\"width: 51.1905%; text-align: center; height: 68px;\" align=\"LEFT\" valign=\"BOTTOM\" width=\"815\" height=\"25\">\n<p><span style=\"color: #000000;\">Alda<\/span><\/p>\n<\/td>\n<\/tr>\n<tr style=\"height: 68px;\">\n<td style=\"width: 48.6905%; height: 68px;\">\u00a0<\/td>\n<td style=\"width: 51.1905%; text-align: center; height: 68px;\" align=\"LEFT\" valign=\"BOTTOM\" height=\"25\">\n<p><span style=\"color: #000000;\">Lurrama<\/span><\/p>\n<\/td>\n<\/tr>\n<tr style=\"height: 68px;\">\n<td style=\"width: 48.6905%; height: 68px;\">\u00a0<\/td>\n<td style=\"width: 51.1905%; text-align: center; height: 68px;\" align=\"LEFT\" valign=\"BOTTOM\" height=\"25\">\n<p><span style=\"color: #000000;\">Ehlg<\/span><\/p>\n<\/td>\n<\/tr>\n<tr style=\"height: 68px;\">\n<td style=\"width: 48.6905%; height: 68px;\">\u00a0<\/td>\n<td style=\"width: 51.1905%; text-align: center; height: 68px;\" align=\"LEFT\" valign=\"BOTTOM\" height=\"25\">\n<p><span style=\"color: #000000;\">Atxik berrituz<\/span><\/p>\n<\/td>\n<\/tr>\n<tr style=\"height: 68px;\">\n<td style=\"width: 48.6905%; height: 68px;\">\u00a0<\/td>\n<td style=\"width: 51.1905%; text-align: center; height: 68px;\" align=\"LEFT\" valign=\"BOTTOM\" height=\"25\">\n<p><span style=\"color: #000000;\">Euskal Konfederazioa<\/span><\/p>\n<\/td>\n<\/tr>\n<tr style=\"height: 68px;\">\n<td style=\"width: 48.6905%; height: 68px;\">\u00a0<\/td>\n<td style=\"width: 51.1905%; text-align: center; height: 68px;\" align=\"LEFT\" valign=\"BOTTOM\" height=\"25\">\n<p><span style=\"color: #000000;\">Harrera<\/span><\/p>\n<\/td>\n<\/tr>\n<tr style=\"height: 68px;\">\n<td style=\"width: 48.6905%; height: 68px;\">\u00a0<\/td>\n<td style=\"width: 51.1905%; text-align: center; height: 68px;\" align=\"LEFT\" valign=\"BOTTOM\" height=\"25\">\n<p><span style=\"color: #000000;\">ETORKINEKIN DIAKIT\u00c9 FEDERAZIOA<\/span><\/p>\n<\/td>\n<\/tr>\n<tr style=\"height: 68px;\">\n<td style=\"width: 48.6905%; height: 68px;\">\u00a0<\/td>\n<td style=\"width: 51.1905%; text-align: center; height: 68px;\" align=\"LEFT\" valign=\"BOTTOM\" height=\"25\">\n<p><span style=\"color: #000000;\">PAF!<\/span><\/p>\n<\/td>\n<\/tr>\n<tr style=\"height: 68px;\">\n<td style=\"width: 48.6905%; height: 68px;\">\u00a0<\/td>\n<td style=\"width: 51.1905%; text-align: center; height: 68px;\" align=\"LEFT\" valign=\"BOTTOM\" height=\"25\">\n<p><span style=\"color: #000000;\">Xuti Gazte <\/span><\/p>\n<\/td>\n<\/tr>\n<tr style=\"height: 68px;\">\n<td style=\"width: 48.6905%; height: 68px;\">\u00a0<\/td>\n<td style=\"width: 51.1905%; text-align: center; height: 68px;\" align=\"LEFT\" valign=\"BOTTOM\" height=\"25\">\n<p><span style=\"color: #000000;\">Bizi<\/span><\/p>\n<\/td>\n<\/tr>\n<tr style=\"height: 68px;\">\n<td style=\"width: 48.6905%; height: 68px;\">\u00a0<\/td>\n<td style=\"width: 51.1905%; text-align: center; height: 68px;\" align=\"LEFT\" valign=\"BOTTOM\" height=\"25\">\n<p><span style=\"color: #000000;\">Herriarekin<\/span><\/p>\n<\/td>\n<\/tr>\n<\/tbody>\n<\/table>\n<p><!-- \/wp:tadv\/classic-paragraph --><\/p>\n<p><!-- wp:tadv\/classic-paragraph --><\/p>\n<h2 style=\"text-align: center;\"><strong>Organisations<\/strong> politiques<\/h2>\n<table style=\"border-collapse: collapse; width: 100%;\">\n<tbody>\n<tr>\n<td style=\"width: 99.881%; text-align: center;\"><span data-sheets-root=\"1\" data-sheets-value=\"{&quot;1&quot;:2,&quot;2&quot;:&quot;Renaissance Pays Basque&quot;}\" data-sheets-userformat=\"{&quot;2&quot;:4480,&quot;10&quot;:2,&quot;11&quot;:0,&quot;15&quot;:&quot;Arial&quot;}\">Renaissance Pays Basque<\/span><\/td>\n<\/tr>\n<tr>\n<td style=\"width: 99.881%; text-align: center;\"><span data-sheets-root=\"1\" data-sheets-value=\"{&quot;1&quot;:2,&quot;2&quot;:&quot;Renaissance Pays Basque&quot;}\" data-sheets-userformat=\"{&quot;2&quot;:4480,&quot;10&quot;:2,&quot;11&quot;:0,&quot;15&quot;:&quot;Arial&quot;}\">PS64<br \/><\/span><\/td>\n<\/tr>\n<tr>\n<td style=\"width: 99.881%; text-align: center;\" data-sheets-value=\"{&quot;1&quot;:2,&quot;2&quot;:&quot;PNV EAJ&quot;}\">PNV EAJ<\/td>\n<\/tr>\n<tr>\n<td style=\"width: 99.881%; text-align: center;\" data-sheets-value=\"{&quot;1&quot;:2,&quot;2&quot;:&quot;EELV&quot;}\">EELV<\/td>\n<\/tr>\n<tr>\n<td style=\"width: 99.881%; text-align: center;\" data-sheets-value=\"{&quot;1&quot;:2,&quot;2&quot;:&quot;Ehbai&quot;}\">Ehbai<\/td>\n<\/tr>\n<tr>\n<td style=\"width: 99.881%; text-align: center;\"><span data-sheets-root=\"1\" data-sheets-value=\"{&quot;1&quot;:2,&quot;2&quot;:&quot;LFI  Gorriak \/ Gauche \u00e9cologiste du PAys Basque&quot;}\" data-sheets-userformat=\"{&quot;2&quot;:513,&quot;3&quot;:{&quot;1&quot;:0},&quot;12&quot;:0}\">LFI Gorriak \/ Gauche \u00e9cologiste du Pays Basque<\/span><\/td>\n<\/tr>\n<\/tbody>\n<\/table>\n<h2>\u00a0<\/h2>\n<h2 style=\"text-align: center;\"><strong>Repr\u00e9sentant.e.s politiques, organisations et personnalit\u00e9s de la soci\u00e9t\u00e9 civile de la communaut\u00e9 autonome du Pays Basque et de la communaut\u00e9 forale de Navarre<\/strong><\/h2>\n<table style=\"border-collapse: collapse; width: 100%;\">\n<tbody>\n<tr>\n<td style=\"width: 49.4047%;\" align=\"LEFT\" valign=\"BOTTOM\" width=\"316\" height=\"70\"><span style=\"color: #000000; font-size: medium;\">Carlos Garaikoetxea Urriza<\/span><\/td>\n<td style=\"width: 50.5953%;\" align=\"CENTER\" valign=\"BOTTOM\" width=\"815\"><span style=\"color: #000000; font-size: medium;\"><span style=\"color: #000000; font-size: medium;\">Pr\u00e9sident de la Communaut\u00e9 Autonome Basque 1980-1985<\/span><\/span><\/td>\n<\/tr>\n<tr>\n<td style=\"width: 49.4047%;\" align=\"LEFT\" valign=\"BOTTOM\" height=\"70\"><span style=\"color: #000000; font-size: medium;\">Juan Jos\u00e9 Ibarretxe<\/span><\/td>\n<td style=\"width: 50.5953%;\" align=\"CENTER\" valign=\"BOTTOM\"><span style=\"color: #000000; font-size: medium;\"><span style=\"color: #000000; font-size: medium;\">Ancien Pr\u00e9sident de la Communaut\u00e9 Autonome Basque 1999-2009<\/span><\/span><\/td>\n<\/tr>\n<tr>\n<td style=\"width: 49.4047%;\" align=\"LEFT\" valign=\"BOTTOM\" height=\"70\"><span style=\"color: #000000; font-size: medium;\">Ainhoa Aznarez Igarza<\/span><\/td>\n<td style=\"width: 50.5953%;\" align=\"CENTER\" valign=\"BOTTOM\"><span style=\"color: #000000; font-size: medium;\"><span style=\"color: #000000; font-size: medium;\">Ex-presidente du Parlament de la Communaur\u00e9 Forale de Navarre 2015-2019 (Podemos)<\/span><\/span><\/td>\n<\/tr>\n<tr>\n<td style=\"width: 49.4047%;\" align=\"LEFT\" valign=\"BOTTOM\" width=\"316\" height=\"25\">\n<p><span style=\"color: #000000;\">Andoni Ortuzar<\/span><\/p>\n<\/td>\n<td style=\"width: 50.5953%;\" align=\"LEFT\" valign=\"BOTTOM\" width=\"815\"><span style=\"color: #000000;\">Pr\u00e9sident du Parti Nationaliste Basque (EAJ\/PNV) <br \/><\/span><\/td>\n<\/tr>\n<tr>\n<td style=\"width: 49.4047%;\" align=\"LEFT\" valign=\"BOTTOM\" height=\"72\"><span style=\"color: #000000; font-size: medium;\">Joseba Egibar Artola<\/span><\/td>\n<td style=\"width: 50.5953%;\" align=\"CENTER\" valign=\"BOTTOM\"><span style=\"color: #000000; font-size: medium;\"><span style=\"color: #000000; font-size: medium;\">Porte-Parole du PNV au Parlement<\/span><\/span><\/td>\n<\/tr>\n<tr>\n<td style=\"width: 49.4047%;\" align=\"LEFT\" valign=\"BOTTOM\" height=\"60\"><span style=\"color: #000000; font-size: medium;\">Blanca Regulez<\/span><\/td>\n<td style=\"width: 50.5953%;\" align=\"CENTER\" valign=\"BOTTOM\"><span style=\"color: #000000; font-size: medium;\"><span style=\"color: #000000; font-size: medium;\">Parlementaire du PNV \u00e0 La Communaut\u00e9 Forale De Navarre<\/span><\/span><\/td>\n<\/tr>\n<tr>\n<td style=\"width: 49.4047%;\" align=\"LEFT\" valign=\"BOTTOM\" height=\"67\"><span style=\"color: #000000; font-size: medium;\">Arnaldo Otegi Mondragon<\/span><\/td>\n<td style=\"width: 50.5953%;\" align=\"CENTER\" valign=\"BOTTOM\"><span style=\"color: #000000; font-size: medium;\"><span style=\"color: #000000; font-size: medium;\">Coordinateur G\u00e9n\u00e9ral d&rsquo;EHBildu<\/span><\/span><\/td>\n<\/tr>\n<tr>\n<td style=\"width: 49.4047%;\" align=\"LEFT\" valign=\"BOTTOM\" height=\"67\"><span style=\"color: #000000; font-size: medium;\">Laura Aznal Sagasti<\/span><\/td>\n<td style=\"width: 50.5953%;\" align=\"CENTER\" valign=\"BOTTOM\"><span style=\"color: #000000; font-size: medium;\"><span style=\"color: #000000; font-size: medium;\">Porte-Parole d&rsquo;EHBildu au Parlement la Communaut\u00e9 forale de Navarre<\/span><\/span><\/td>\n<\/tr>\n<tr>\n<td style=\"width: 49.4047%;\" align=\"LEFT\" valign=\"BOTTOM\" height=\"57\"><span style=\"color: #000000; font-size: medium;\">Isabel Aranburu<\/span><\/td>\n<td style=\"width: 50.5953%;\" align=\"CENTER\" valign=\"BOTTOM\"><span style=\"color: #000000; font-size: medium;\"><span style=\"color: #000000; font-size: medium;\">Parlementaire (Geroa Bai) du Parlement de la Communaut\u00e9 Forale De Navarre<\/span><\/span><\/td>\n<\/tr>\n<tr>\n<td style=\"width: 49.4047%;\" align=\"LEFT\" valign=\"BOTTOM\" height=\"60\"><span style=\"color: #000000; font-size: medium;\">Rufi Etxeberria Arbelaiz<br \/><\/span><\/td>\n<td style=\"width: 50.5953%;\" align=\"CENTER\" valign=\"BOTTOM\"><span style=\"color: #000000; font-size: medium;\"><span style=\"color: #000000; font-size: medium;\">Membre de Sortu<\/span><\/span><\/td>\n<\/tr>\n<tr>\n<td style=\"width: 49.4047%;\" align=\"LEFT\" valign=\"BOTTOM\" height=\"64\"><span style=\"color: #000000; font-size: medium;\">Mitxel Lakuntza<\/span><\/td>\n<td style=\"width: 50.5953%;\" align=\"CENTER\" valign=\"BOTTOM\"><span style=\"color: #000000; font-size: medium;\"><span style=\"color: #000000; font-size: medium;\">Secr\u00e9taire G\u00e9n\u00e9ral d&rsquo;ELA<\/span><\/span><\/td>\n<\/tr>\n<tr>\n<td style=\"width: 49.4047%;\" align=\"LEFT\" valign=\"BOTTOM\" height=\"59\"><span style=\"color: #000000; font-size: medium;\">Garbine Aranburu<\/span><\/td>\n<td style=\"width: 50.5953%;\" align=\"CENTER\" valign=\"BOTTOM\"><span style=\"color: #000000; font-size: medium;\"><span style=\"color: #000000; font-size: medium;\">Coordinatrice G\u00e9n\u00e9rale de LAB<\/span><\/span><\/td>\n<\/tr>\n<tr>\n<td style=\"width: 49.4047%;\" align=\"LEFT\" valign=\"BOTTOM\" height=\"59\"><span style=\"color: #000000; font-size: medium;\">Nagore Iturrioz <\/span><\/td>\n<td style=\"width: 50.5953%;\" align=\"CENTER\" valign=\"BOTTOM\"><span style=\"color: #000000; font-size: medium;\"><span style=\"color: #000000; font-size: medium;\">Porte-parole de STEILAS<\/span><\/span><\/td>\n<\/tr>\n<tr>\n<td style=\"width: 49.4047%;\" align=\"LEFT\" valign=\"BOTTOM\" height=\"55\"><span style=\"color: #000000; font-size: medium;\">Unzalu Salterain<\/span><\/td>\n<td style=\"width: 50.5953%;\" align=\"CENTER\" valign=\"BOTTOM\"><span style=\"color: #000000; font-size: medium;\"><span style=\"color: #000000; font-size: medium;\">Responsable de coordination de Etxalde<\/span><\/span><\/td>\n<\/tr>\n<tr>\n<td style=\"width: 49.4047%;\" align=\"LEFT\" valign=\"BOTTOM\" height=\"108\"><span style=\"color: #000000; font-size: medium;\">Joseba Azkarraga Rodero<\/span><\/td>\n<td style=\"width: 50.5953%;\" align=\"CENTER\" valign=\"BOTTOM\"><span style=\"color: #000000; font-size: medium;\"><span style=\"color: #000000; font-size: medium;\">Porte-parole de Sare (mouvement civil oeuvrant pour le respect des droits et le retour des prisonniers et\u00a0exil\u00e9s\u00a0basques), ancien conseiller Justice, travail et s\u00e9curit\u00e9 sociale pour le Gouvernement Basque (2001-2009)<\/span><\/span><\/td>\n<\/tr>\n<tr>\n<td style=\"width: 49.4047%;\" align=\"LEFT\" valign=\"BOTTOM\" height=\"64\"><span style=\"color: #000000; font-size: medium;\">Gorka Garcia<\/span><\/td>\n<td style=\"width: 50.5953%;\" align=\"CENTER\" valign=\"BOTTOM\"><span style=\"color: #000000; font-size: medium;\"><span style=\"color: #000000; font-size: medium;\">Porte-parole d&rsquo;Etxerat (association des familles des prisonniers basques)<\/span><\/span><\/td>\n<\/tr>\n<tr>\n<td style=\"width: 49.4047%;\" align=\"LEFT\" valign=\"BOTTOM\" height=\"69\"><span style=\"color: #000000; font-size: medium;\">Agus Hernan <\/span><\/td>\n<td style=\"width: 50.5953%;\" align=\"CENTER\" valign=\"BOTTOM\"><span style=\"color: #000000; font-size: medium;\"><span style=\"color: #000000; font-size: medium;\">Militant en faveur des droits humains<\/span><\/span><\/td>\n<\/tr>\n<tr>\n<td style=\"width: 49.4047%;\" align=\"LEFT\" valign=\"BOTTOM\" height=\"69\"><span style=\"color: #000000; font-size: medium;\">Paul Rios<\/span><\/td>\n<td style=\"width: 50.5953%;\" align=\"CENTER\" valign=\"BOTTOM\"><span style=\"color: #000000; font-size: medium;\"><span style=\"color: #000000; font-size: medium;\">Militant en faveur de la Paix<\/span><\/span><\/td>\n<\/tr>\n<tr>\n<td style=\"width: 49.4047%;\" align=\"LEFT\" valign=\"BOTTOM\" height=\"65\"><span style=\"color: #000000; font-size: medium;\">Fernando Armendariz<\/span><\/td>\n<td style=\"width: 50.5953%;\" align=\"CENTER\" valign=\"BOTTOM\"><span style=\"color: #000000; font-size: medium;\"><span style=\"color: #000000; font-size: medium;\">Militant en faveur des droits humains et citoyens<\/span><\/span><\/td>\n<\/tr>\n<tr>\n<td style=\"width: 49.4047%;\" align=\"LEFT\" valign=\"BOTTOM\" height=\"70\"><span style=\"color: #000000; font-size: medium;\">Jule Goikoetxea Mentxaka<\/span><\/td>\n<td style=\"width: 50.5953%;\" align=\"CENTER\" valign=\"BOTTOM\"><span style=\"color: #000000; font-size: medium;\"><span style=\"color: #000000; font-size: medium;\">Philosophe politique<\/span><\/span><\/td>\n<\/tr>\n<tr>\n<td style=\"width: 49.4047%;\" align=\"LEFT\" valign=\"BOTTOM\" height=\"69\"><span style=\"color: #000000; font-size: medium;\">Elene Lopetegi olea<\/span><\/td>\n<td style=\"width: 50.5953%;\" align=\"CENTER\" valign=\"BOTTOM\"><span style=\"color: #000000; font-size: medium;\"><span style=\"color: #000000; font-size: medium;\">Repr\u00e9sentante d&rsquo;Euskal Herriko Bilguna feminista (Mouvement f\u00e9ministe\u00a0du\u00a0Pays\u00a0Basque<\/span><\/span><\/td>\n<\/tr>\n<tr>\n<td style=\"width: 49.4047%;\" align=\"LEFT\" valign=\"BOTTOM\" height=\"70\"><span style=\"color: #000000; font-size: medium;\">Mirentxu Purroy<\/span><\/td>\n<td style=\"width: 50.5953%;\" align=\"CENTER\" valign=\"BOTTOM\"><span style=\"color: #000000; font-size: medium;\"><span style=\"color: #000000; font-size: medium;\">Journaliste et cin\u00e9aste<\/span><\/span><\/td>\n<\/tr>\n<tr>\n<td style=\"width: 49.4047%;\"><span style=\"color: #000000; font-size: medium;\">Itziar Ituno<\/span><\/td>\n<td style=\"width: 50.5953%; text-align: center;\"><span style=\"color: #000000; font-size: medium;\"><span style=\"color: #000000; font-size: medium;\">Actrice<\/span><\/span><\/td>\n<\/tr>\n<tr>\n<td style=\"width: 49.4047%;\" align=\"LEFT\" valign=\"BOTTOM\" height=\"67\"><span style=\"color: #000000; font-size: medium;\">Fermin Muguruza<\/span><\/td>\n<td style=\"width: 50.5953%;\" align=\"CENTER\" valign=\"BOTTOM\"><span style=\"color: #000000; font-size: medium;\"><span style=\"color: #000000; font-size: medium;\">Cin\u00e9aste et musicien<\/span><\/span><\/td>\n<\/tr>\n<tr>\n<td style=\"width: 49.4047%;\" align=\"LEFT\" valign=\"BOTTOM\" height=\"37\"><span style=\"color: #000000; font-size: medium;\">Maialen Lujambio<\/span><\/td>\n<td style=\"width: 50.5953%;\" align=\"CENTER\" valign=\"BOTTOM\"><span style=\"color: #000000; font-size: medium;\">Bertsolaria<\/span><\/td>\n<\/tr>\n<tr>\n<td style=\"width: 49.4047%;\" align=\"LEFT\" valign=\"BOTTOM\" height=\"52\"><span style=\"color: #000000; font-size: medium;\">Jon Maia<\/span><\/td>\n<td style=\"width: 50.5953%;\" align=\"CENTER\" valign=\"BOTTOM\"><span style=\"color: #000000; font-size: medium;\">Bertsolaria<\/span><\/td>\n<\/tr>\n<\/tbody>\n<\/table>\n<p><!-- \/wp:tadv\/classic-paragraph --><\/p>","protected":false},"excerpt":{"rendered":"<p>Proc\u00e8s de Louhossoa : Relaxe pour ouvrir d\u00e9finitivement une nouvelle page en Pays Basque ! &nbsp; Les 2 et 3 avril 2024 compara\u00eetront devant le tribunal correctionnel de Paris B\u00e9atrice Molle-Haran et Txetx Etcheverry, pr\u00e9venus pour avoir \u00ab port\u00e9, transport\u00e9 et d\u00e9tenu des armes, munitions et substances ou produits explosifs&#8230;<\/p>\n","protected":false},"author":1,"featured_media":0,"parent":0,"menu_order":0,"comment_status":"closed","ping_status":"closed","template":"","meta":{"footnotes":""},"_links":{"self":[{"href":"https:\/\/www.bakebidea.com\/index.php?rest_route=\/wp\/v2\/pages\/7479"}],"collection":[{"href":"https:\/\/www.bakebidea.com\/index.php?rest_route=\/wp\/v2\/pages"}],"about":[{"href":"https:\/\/www.bakebidea.com\/index.php?rest_route=\/wp\/v2\/types\/page"}],"author":[{"embeddable":true,"href":"https:\/\/www.bakebidea.com\/index.php?rest_route=\/wp\/v2\/users\/1"}],"replies":[{"embeddable":true,"href":"https:\/\/www.bakebidea.com\/index.php?rest_route=%2Fwp%2Fv2%2Fcomments&post=7479"}],"version-history":[{"count":10,"href":"https:\/\/www.bakebidea.com\/index.php?rest_route=\/wp\/v2\/pages\/7479\/revisions"}],"predecessor-version":[{"id":7664,"href":"https:\/\/www.bakebidea.com\/index.php?rest_route=\/wp\/v2\/pages\/7479\/revisions\/7664"}],"wp:attachment":[{"href":"https:\/\/www.bakebidea.com\/index.php?rest_route=%2Fwp%2Fv2%2Fmedia&parent=7479"}],"curies":[{"name":"wp","href":"https:\/\/api.w.org\/{rel}","templated":true}]}}