{"id":5048,"date":"2017-07-10T20:27:13","date_gmt":"2017-07-10T18:27:13","guid":{"rendered":"https:\/\/www.bakebidea.com\/?page_id=5048"},"modified":"2021-02-09T13:52:09","modified_gmt":"2021-02-09T12:52:09","slug":"communique-bilan-de-la-delegation-du-10-juillet-a-paris","status":"publish","type":"page","link":"https:\/\/www.bakebidea.com\/?page_id=5048","title":{"rendered":"Communiqu\u00e9 bilan de la d\u00e9l\u00e9gation du 10 juillet \u00e0 Paris"},"content":{"rendered":"<h1 style=\"text-align: left;\"><span style=\"color: #0c6985;\">Une d\u00e9l\u00e9gation basque \u00e0 Paris pour porter la question des prisonnier.e.s<\/span><\/h1>\n<p style=\"text-align: left;\"><span style=\"color: #ff9900;\">10 juillet 2017<\/span><\/p>\n<p class=\"m_-6213317887426256230p2\" style=\"text-align: left;\"><span class=\"m_-6213317887426256230s1\" style=\"color: #333333;\">Une d\u00e9l\u00e9gation de 20 personnes repr\u00e9sentant la soci\u00e9t\u00e9 basque dans sa diversit\u00e9<span class=\"m_-6213317887426256230Apple-converted-space\">\u00a0 <\/span>(\u00e9lu-e-s, soci\u00e9t\u00e9 civile) s&rsquo;est rendue \u00e0 Paris ce jour pour porter la voix du Pays Basque, \u00e0 savoir la volont\u00e9 d&rsquo;avancer dans le processus de paix,<span class=\"m_-6213317887426256230Apple-converted-space\">\u00a0 <\/span>en insistant sur la n\u00e9cessaire implication des autorit\u00e9s fran\u00e7aises sur la question clef des prisonniers basques.<\/span><\/p>\n<p class=\"m_-6213317887426256230p2\" style=\"text-align: left;\"><span class=\"m_-6213317887426256230s1\" style=\"color: #333333;\">8 rencontres ont eu lieu au niveau de l&rsquo;ex\u00e9cutif (minist\u00e8re de la justice), du l\u00e9gislatif (divers groupes parlementaires et vice-pr\u00e9sidente de l&rsquo;Assembl\u00e9e Nationale), mais aussi aupr\u00e8s d&rsquo;organismes ind\u00e9pendants de d\u00e9fense des droits de l&rsquo;Homme (Commission nationale consultative sur les droits de l&rsquo;Homme-e-s, d\u00e9fenseur des droits, contr\u00f4leure g\u00e9n\u00e9rale des lieux de privation de libert\u00e9) et du syndicat de la magistrature.<\/span><\/p>\n<p class=\"m_-6213317887426256230p2\" style=\"text-align: left;\"><span class=\"m_-6213317887426256230s1\" style=\"color: #333333;\">La d\u00e9l\u00e9gation consid\u00e8re que la journ\u00e9e a \u00e9t\u00e9 tr\u00e8s positive par la qualit\u00e9 de l&rsquo;\u00e9coute, et par les perspectives de travail envisag\u00e9es.<\/span><\/p>\n<p class=\"m_-6213317887426256230p2\" style=\"text-align: left;\"><span class=\"m_-6213317887426256230s1\" style=\"color: #333333;\">La question des prisonniers basques n&rsquo;est plus seulement une question basque, elle s&rsquo;inscrit d\u00e9sormais dans les agendas des autorit\u00e9s fran\u00e7aises.<\/span><\/p>\n<h2 style=\"text-align: left;\"><span style=\"color: #0c6985;\">Composition de la d\u00e9l\u00e9gation<\/span><\/h2>\n<table class=\" alignleft\" style=\"height: 1713px; width: 726px;\">\n<tbody>\n<tr style=\"height: 85.2667px;\">\n<td style=\"width: 239.983px; height: 85.2667px;\"><span style=\"color: #0c6985;\"><strong>ALAIN IRIART <\/strong><\/span><\/td>\n<td style=\"width: 470.017px; height: 85.2667px;\"><span style=\"color: #333333;\">Vice-Pr\u00e9sident de la Communaut\u00e9 d\u2019Agglom\u00e9ration Pays Basque (Ehbai) et Maire de St Pierre D&rsquo;Irube<\/span><\/td>\n<\/tr>\n<tr style=\"height: 67px;\">\n<td style=\"width: 239.983px; height: 67px;\"><span style=\"color: #0c6985;\"><strong>ALICE LEICIAGUE\u00c7AHAR<\/strong><\/span><\/td>\n<td style=\"width: 470.017px; height: 67px;\"><span style=\"color: #333333;\">\u00a0Conseill\u00e8re R\u00e9gionale de la Nouvelle Aquitaine ( EELV)<\/span><\/td>\n<\/tr>\n<tr style=\"height: 67px;\">\n<td style=\"width: 239.983px; height: 67px;\"><span style=\"color: #0c6985;\"><strong>ANAIZ FUNOSAS <\/strong><\/span><\/td>\n<td style=\"width: 470.017px; height: 67px;\"><span style=\"color: #333333;\">Pr\u00e9sidente du mouvement civil Bake Bidea<\/span><\/td>\n<\/tr>\n<tr style=\"height: 67px;\">\n<td style=\"width: 239.983px; height: 67px;\"><span style=\"color: #0c6985;\"><strong>ANNE MARIE MICHAUD\u00a0 <\/strong><\/span><\/td>\n<td style=\"width: 470.017px; height: 67px;\"><span style=\"color: #333333;\">Repr\u00e9sentante du CDDHPB au sein du collectif Bagoaz<\/span><\/td>\n<\/tr>\n<tr style=\"height: 67px;\">\n<td style=\"width: 239.983px; height: 67px;\"><span style=\"color: #0c6985;\"><strong>EMILIE DUTOYA <\/strong><\/span><\/td>\n<td style=\"width: 470.017px; height: 67px;\"><span style=\"color: #333333;\">\u00a0Conseill\u00e8re R\u00e9gionale de la Nouvelle Aquitaine (EELV)<\/span><\/td>\n<\/tr>\n<tr style=\"height: 67px;\">\n<td style=\"width: 239.983px; height: 67px;\"><span style=\"color: #0c6985;\"><strong>EMILIE MARTIN <\/strong><\/span><\/td>\n<td style=\"width: 470.017px; height: 67px;\"><span style=\"color: #333333;\">Membre du collectif Bagoaz<\/span><\/td>\n<\/tr>\n<tr style=\"height: 67px;\">\n<td style=\"width: 239.983px; height: 67px;\"><span style=\"color: #0c6985;\"><strong>FLORENCE LASSERRE- DAVID <\/strong><\/span><\/td>\n<td style=\"width: 470.017px; height: 67px;\"><span style=\"color: #333333;\">D\u00e9put\u00e9e des Pyr\u00e9n\u00e9es-Atlantiques (Modem)<\/span><\/td>\n<\/tr>\n<tr style=\"height: 67px;\">\n<td style=\"width: 239.983px; height: 67px;\"><span style=\"color: #0c6985;\"><strong>GABI MOUESCA<\/strong><\/span><\/td>\n<td style=\"width: 470.017px; height: 67px;\"><span style=\"color: #333333;\">Ancien pr\u00e9sident de l\u2019OIP.<\/span><\/td>\n<\/tr>\n<tr style=\"height: 67px;\">\n<td style=\"width: 239.983px; height: 67px;\"><span style=\"color: #0c6985;\"><strong>JEAN FRAN\u00c7OIS LEFORT<\/strong><\/span><\/td>\n<td style=\"width: 470.017px; height: 67px;\"><span style=\"color: #333333;\">Repr\u00e9sentant de Sortu au sein du collectif Bagoaz<\/span><\/td>\n<\/tr>\n<tr style=\"height: 67px;\">\n<td style=\"width: 239.983px; height: 67px;\"><span style=\"color: #0c6985;\"><strong>JEAN LASSALLE <\/strong><\/span><\/td>\n<td style=\"width: 470.017px; height: 67px;\"><span style=\"color: #333333;\">D\u00e9put\u00e9 ind\u00e9pendant des Pyr\u00e9n\u00e9es-Atlantiques<\/span><\/td>\n<\/tr>\n<tr style=\"height: 67px;\">\n<td style=\"width: 239.983px; height: 67px;\"><span style=\"color: #0c6985;\"><strong>JEAN-JACQUES LASSERRE <\/strong><\/span><\/td>\n<td style=\"width: 470.017px; height: 67px;\"><span style=\"color: #333333;\">S\u00e9nateur et Pr\u00e9sident du Conseil D\u00e9partemental Pyr\u00e9n\u00e9es Atlantiques (Modem)<\/span><\/td>\n<\/tr>\n<tr style=\"height: 67px;\">\n<td style=\"width: 239.983px; height: 67px;\"><span style=\"color: #0c6985;\"><strong>JEAN-REN\u00c9 ETCHEGARAY<\/strong><\/span><\/td>\n<td style=\"width: 470.017px; height: 67px;\"><span style=\"color: #333333;\">Pr\u00e9sident de la Communaut\u00e9 d&rsquo;Agglom\u00e9ration Pays Basque et Maire de Bayonne (UDI)<\/span><\/td>\n<\/tr>\n<tr style=\"height: 67px;\">\n<td style=\"width: 239.983px; height: 67px;\"><span style=\"color: #0c6985;\"><strong>JORGE GARCIA SERTUCHA<\/strong><\/span><\/td>\n<td style=\"width: 470.017px; height: 67px;\"><span style=\"color: #333333;\">Membre d&rsquo;Etxerat, association des familles et exil\u00e9s politiques basques.<\/span><\/td>\n<\/tr>\n<tr style=\"height: 67px;\">\n<td style=\"width: 239.983px; height: 67px;\"><span style=\"color: #0c6985;\"><strong>LOUIS JOINET<\/strong><\/span><\/td>\n<td style=\"width: 470.017px; height: 67px;\"><span style=\"color: #333333;\">\u00a0Juge honoraire \u00e0 la Cour de Cassation<\/span><\/td>\n<\/tr>\n<tr style=\"height: 67px;\">\n<td style=\"width: 239.983px; height: 67px;\"><span style=\"color: #0c6985;\"><strong>LUCIEN BETBEDER <\/strong><\/span><\/td>\n<td style=\"width: 470.017px; height: 67px;\"><span style=\"color: #333333;\">Pr\u00e9sident de l\u2019Assembl\u00e9e des Maires du Pays Basque<\/span><\/td>\n<\/tr>\n<tr style=\"height: 67px;\">\n<td style=\"width: 239.983px; height: 67px;\"><span style=\"color: #0c6985;\"><strong>MAX BRISSON<\/strong><\/span><\/td>\n<td style=\"width: 470.017px; height: 67px;\"><span style=\"color: #333333;\">Vice-pr\u00e9sident du Conseil d\u00e9partemental des Pyr\u00e9n\u00e9es-Atlantiques (LR)<\/span><\/td>\n<\/tr>\n<tr style=\"height: 67px;\">\n<td style=\"width: 239.983px; height: 67px;\"><span style=\"color: #0c6985;\"><strong>MICHEL BERHOCOIRIGOIN <\/strong><\/span><\/td>\n<td style=\"width: 470.017px; height: 67px;\"><span style=\"color: #333333;\">Artisan de la paix<\/span><\/td>\n<\/tr>\n<tr style=\"height: 67px;\">\n<td style=\"width: 239.983px; height: 67px;\"><span style=\"color: #0c6985;\"><strong>MICHEL TUBIANA\u00a0 <\/strong><\/span><\/td>\n<td style=\"width: 470.017px; height: 67px;\"><span style=\"color: #333333;\">\u00a0Pr\u00e9sident d&rsquo;Honneur de La LDH-France et Artisan de la paix<\/span><\/td>\n<\/tr>\n<tr style=\"height: 96px;\">\n<td style=\"width: 239.983px; height: 96px;\"><span style=\"color: #0c6985;\"><strong>MICHEL VEUNAC <\/strong><\/span><\/td>\n<td style=\"width: 470.017px; height: 96px;\"><span style=\"color: #333333;\">Vice -pr\u00e9sident la Communaut\u00e9 d\u2019Agglom\u00e9ration Pays Basque, Conseiller r\u00e9gional de la Nouvelle Aquitaine et Maire de Biarritz (Modem)<\/span><\/td>\n<\/tr>\n<tr style=\"height: 67px;\">\n<td style=\"width: 239.983px; height: 67px;\"><span style=\"color: #0c6985;\"><strong>SERGE PORTELLI<\/strong><\/span><\/td>\n<td style=\"width: 470.017px; height: 67px;\"><span style=\"color: #333333;\">\u00a0Juge \u00e0 la Cour d&rsquo;appel de Versailles<\/span><\/td>\n<\/tr>\n<tr style=\"height: 96px;\">\n<td style=\"width: 239.983px; height: 96px;\"><span style=\"color: #0c6985;\"><strong>URTZI ERRAZKIN TELLERIA<\/strong><\/span><\/td>\n<td style=\"width: 470.017px; height: 96px;\"><span style=\"color: #333333;\">Membre d&rsquo;Etxerat (association des familles des prisonnier.e.s et des exil\u00e9.e.s politiques basques)<\/span><\/td>\n<\/tr>\n<tr style=\"height: 67px;\">\n<td style=\"width: 239.983px; height: 67px;\"><span style=\"color: #0c6985;\"><strong>VINCENT BRU <\/strong><\/span><\/td>\n<td style=\"width: 470.017px; height: 67px;\"><span style=\"color: #333333;\">\u00a0D\u00e9put\u00e9 des Pyr\u00e9n\u00e9es-Atlantiques (apparent\u00e9 modem)<\/span><\/td>\n<\/tr>\n<\/tbody>\n<\/table>\n<h2 style=\"text-align: left;\"><span style=\"color: #0c6985;\"><strong>Une journ\u00e9e de rencontres en images<\/strong><\/span><\/h2>\n\n\t\t<style type=\"text\/css\">\n\t\t\t#gallery-1 {\n\t\t\t\tmargin: auto;\n\t\t\t}\n\t\t\t#gallery-1 .gallery-item {\n\t\t\t\tfloat: left;\n\t\t\t\tmargin-top: 10px;\n\t\t\t\ttext-align: center;\n\t\t\t\twidth: 25%;\n\t\t\t}\n\t\t\t#gallery-1 img {\n\t\t\t\tborder: 2px solid #cfcfcf;\n\t\t\t}\n\t\t\t#gallery-1 .gallery-caption {\n\t\t\t\tmargin-left: 0;\n\t\t\t}\n\t\t\t\/* see gallery_shortcode() in wp-includes\/media.php *\/\n\t\t<\/style>\n\t\t<div id='gallery-1' class='gallery galleryid-5048 gallery-columns-4 gallery-size-medium'><dl class='gallery-item'>\n\t\t\t<dt class='gallery-icon landscape'>\n\t\t\t\t<a href='https:\/\/www.bakebidea.com\/wp-content\/uploads\/2017\/07\/IMG-20170710-WA0000.jpg'><img loading=\"lazy\" decoding=\"async\" width=\"300\" height=\"169\" src=\"https:\/\/www.bakebidea.com\/wp-content\/uploads\/2017\/07\/IMG-20170710-WA0000-300x169.jpg\" class=\"attachment-medium size-medium\" alt=\"\" aria-describedby=\"gallery-1-5009\" srcset=\"https:\/\/www.bakebidea.com\/wp-content\/uploads\/2017\/07\/IMG-20170710-WA0000-300x169.jpg 300w, https:\/\/www.bakebidea.com\/wp-content\/uploads\/2017\/07\/IMG-20170710-WA0000-768x432.jpg 768w, https:\/\/www.bakebidea.com\/wp-content\/uploads\/2017\/07\/IMG-20170710-WA0000-1024x576.jpg 1024w, https:\/\/www.bakebidea.com\/wp-content\/uploads\/2017\/07\/IMG-20170710-WA0000.jpg 1600w\" sizes=\"(max-width: 300px) 100vw, 300px\" \/><\/a>\n\t\t\t<\/dt>\n\t\t\t\t<dd class='wp-caption-text gallery-caption' id='gallery-1-5009'>\n\t\t\t\tR\u00e9union de travail de la d\u00e9l\u00e9gation \n\t\t\t\t<\/dd><\/dl><dl class='gallery-item'>\n\t\t\t<dt class='gallery-icon portrait'>\n\t\t\t\t<a href='https:\/\/www.bakebidea.com\/wp-content\/uploads\/2017\/07\/IMG-20170710-WA0003.jpg'><img loading=\"lazy\" decoding=\"async\" width=\"225\" height=\"300\" src=\"https:\/\/www.bakebidea.com\/wp-content\/uploads\/2017\/07\/IMG-20170710-WA0003-225x300.jpg\" class=\"attachment-medium size-medium\" alt=\"\" aria-describedby=\"gallery-1-5010\" srcset=\"https:\/\/www.bakebidea.com\/wp-content\/uploads\/2017\/07\/IMG-20170710-WA0003-225x300.jpg 225w, https:\/\/www.bakebidea.com\/wp-content\/uploads\/2017\/07\/IMG-20170710-WA0003-768x1024.jpg 768w, https:\/\/www.bakebidea.com\/wp-content\/uploads\/2017\/07\/IMG-20170710-WA0003.jpg 1200w\" sizes=\"(max-width: 225px) 100vw, 225px\" \/><\/a>\n\t\t\t<\/dt>\n\t\t\t\t<dd class='wp-caption-text gallery-caption' id='gallery-1-5010'>\n\t\t\t\t Alain Dru, Vice- pr\u00e9sident  de la Commission nationale consultative des droits de l&rsquo;Homme\n\t\t\t\t<\/dd><\/dl><dl class='gallery-item'>\n\t\t\t<dt class='gallery-icon landscape'>\n\t\t\t\t<a href='https:\/\/www.bakebidea.com\/wp-content\/uploads\/2017\/07\/IMG-20170710-WA0005.jpg'><img loading=\"lazy\" decoding=\"async\" width=\"300\" height=\"225\" src=\"https:\/\/www.bakebidea.com\/wp-content\/uploads\/2017\/07\/IMG-20170710-WA0005-300x225.jpg\" class=\"attachment-medium size-medium\" alt=\"\" aria-describedby=\"gallery-1-5024\" srcset=\"https:\/\/www.bakebidea.com\/wp-content\/uploads\/2017\/07\/IMG-20170710-WA0005-300x225.jpg 300w, https:\/\/www.bakebidea.com\/wp-content\/uploads\/2017\/07\/IMG-20170710-WA0005-768x576.jpg 768w, https:\/\/www.bakebidea.com\/wp-content\/uploads\/2017\/07\/IMG-20170710-WA0005-1024x768.jpg 1024w, https:\/\/www.bakebidea.com\/wp-content\/uploads\/2017\/07\/IMG-20170710-WA0005.jpg 1600w\" sizes=\"(max-width: 300px) 100vw, 300px\" \/><\/a>\n\t\t\t<\/dt>\n\t\t\t\t<dd class='wp-caption-text gallery-caption' id='gallery-1-5024'>\n\t\t\t\t Eric Coquerel et Michel Larive du Groupe parlementaire France Insoumise\n\t\t\t\t<\/dd><\/dl><dl class='gallery-item'>\n\t\t\t<dt class='gallery-icon portrait'>\n\t\t\t\t<a href='https:\/\/www.bakebidea.com\/wp-content\/uploads\/2017\/07\/mms_20170710_162334.jpg'><img loading=\"lazy\" decoding=\"async\" width=\"169\" height=\"300\" src=\"https:\/\/www.bakebidea.com\/wp-content\/uploads\/2017\/07\/mms_20170710_162334-169x300.jpg\" class=\"attachment-medium size-medium\" alt=\"\" aria-describedby=\"gallery-1-5036\" srcset=\"https:\/\/www.bakebidea.com\/wp-content\/uploads\/2017\/07\/mms_20170710_162334-169x300.jpg 169w, https:\/\/www.bakebidea.com\/wp-content\/uploads\/2017\/07\/mms_20170710_162334.jpg 531w\" sizes=\"(max-width: 169px) 100vw, 169px\" \/><\/a>\n\t\t\t<\/dt>\n\t\t\t\t<dd class='wp-caption-text gallery-caption' id='gallery-1-5036'>\n\t\t\t\tCendra Motin, Vice Pr\u00e9sidente LRM de l&rsquo;Assembl\u00e9e Nationale \n\t\t\t\t<\/dd><\/dl><br style=\"clear: both\" \/><dl class='gallery-item'>\n\t\t\t<dt class='gallery-icon landscape'>\n\t\t\t\t<a href='https:\/\/www.bakebidea.com\/wp-content\/uploads\/2017\/07\/IMG-20170710-WA0007.jpg'><img loading=\"lazy\" decoding=\"async\" width=\"300\" height=\"225\" src=\"https:\/\/www.bakebidea.com\/wp-content\/uploads\/2017\/07\/IMG-20170710-WA0007-300x225.jpg\" class=\"attachment-medium size-medium\" alt=\"\" aria-describedby=\"gallery-1-5027\" srcset=\"https:\/\/www.bakebidea.com\/wp-content\/uploads\/2017\/07\/IMG-20170710-WA0007-300x225.jpg 300w, https:\/\/www.bakebidea.com\/wp-content\/uploads\/2017\/07\/IMG-20170710-WA0007-768x576.jpg 768w, https:\/\/www.bakebidea.com\/wp-content\/uploads\/2017\/07\/IMG-20170710-WA0007-1024x768.jpg 1024w, https:\/\/www.bakebidea.com\/wp-content\/uploads\/2017\/07\/IMG-20170710-WA0007.jpg 1600w\" sizes=\"(max-width: 300px) 100vw, 300px\" \/><\/a>\n\t\t\t<\/dt>\n\t\t\t\t<dd class='wp-caption-text gallery-caption' id='gallery-1-5027'>\n\t\t\t\tConf\u00e9rence de presse\n\t\t\t\t<\/dd><\/dl><dl class='gallery-item'>\n\t\t\t<dt class='gallery-icon landscape'>\n\t\t\t\t<a href='https:\/\/www.bakebidea.com\/wp-content\/uploads\/2017\/07\/IMG-20170710-WA0008.jpg'><img loading=\"lazy\" decoding=\"async\" width=\"300\" height=\"225\" src=\"https:\/\/www.bakebidea.com\/wp-content\/uploads\/2017\/07\/IMG-20170710-WA0008-300x225.jpg\" class=\"attachment-medium size-medium\" alt=\"\" aria-describedby=\"gallery-1-5028\" srcset=\"https:\/\/www.bakebidea.com\/wp-content\/uploads\/2017\/07\/IMG-20170710-WA0008-300x225.jpg 300w, https:\/\/www.bakebidea.com\/wp-content\/uploads\/2017\/07\/IMG-20170710-WA0008-768x576.jpg 768w, https:\/\/www.bakebidea.com\/wp-content\/uploads\/2017\/07\/IMG-20170710-WA0008-1024x768.jpg 1024w, https:\/\/www.bakebidea.com\/wp-content\/uploads\/2017\/07\/IMG-20170710-WA0008.jpg 1600w\" sizes=\"(max-width: 300px) 100vw, 300px\" \/><\/a>\n\t\t\t<\/dt>\n\t\t\t\t<dd class='wp-caption-text gallery-caption' id='gallery-1-5028'>\n\t\t\t\tConf\u00e9rence de presse\n\t\t\t\t<\/dd><\/dl><dl class='gallery-item'>\n\t\t\t<dt class='gallery-icon landscape'>\n\t\t\t\t<a href='https:\/\/www.bakebidea.com\/wp-content\/uploads\/2017\/07\/IMG-20170710-WA0009.jpg'><img loading=\"lazy\" decoding=\"async\" width=\"300\" height=\"169\" src=\"https:\/\/www.bakebidea.com\/wp-content\/uploads\/2017\/07\/IMG-20170710-WA0009-300x169.jpg\" class=\"attachment-medium size-medium\" alt=\"\" aria-describedby=\"gallery-1-5029\" srcset=\"https:\/\/www.bakebidea.com\/wp-content\/uploads\/2017\/07\/IMG-20170710-WA0009-300x169.jpg 300w, https:\/\/www.bakebidea.com\/wp-content\/uploads\/2017\/07\/IMG-20170710-WA0009-768x432.jpg 768w, https:\/\/www.bakebidea.com\/wp-content\/uploads\/2017\/07\/IMG-20170710-WA0009-1024x576.jpg 1024w, https:\/\/www.bakebidea.com\/wp-content\/uploads\/2017\/07\/IMG-20170710-WA0009.jpg 1600w\" sizes=\"(max-width: 300px) 100vw, 300px\" \/><\/a>\n\t\t\t<\/dt>\n\t\t\t\t<dd class='wp-caption-text gallery-caption' id='gallery-1-5029'>\n\t\t\t\tConf\u00e9rence de presse\n\t\t\t\t<\/dd><\/dl><dl class='gallery-item'>\n\t\t\t<dt class='gallery-icon landscape'>\n\t\t\t\t<a href='https:\/\/www.bakebidea.com\/wp-content\/uploads\/2017\/07\/mms_20170710_165704.jpg'><img loading=\"lazy\" decoding=\"async\" width=\"300\" height=\"169\" src=\"https:\/\/www.bakebidea.com\/wp-content\/uploads\/2017\/07\/mms_20170710_165704-300x169.jpg\" class=\"attachment-medium size-medium\" alt=\"\" aria-describedby=\"gallery-1-5039\" srcset=\"https:\/\/www.bakebidea.com\/wp-content\/uploads\/2017\/07\/mms_20170710_165704-300x169.jpg 300w, https:\/\/www.bakebidea.com\/wp-content\/uploads\/2017\/07\/mms_20170710_165704-768x432.jpg 768w, https:\/\/www.bakebidea.com\/wp-content\/uploads\/2017\/07\/mms_20170710_165704.jpg 960w\" sizes=\"(max-width: 300px) 100vw, 300px\" \/><\/a>\n\t\t\t<\/dt>\n\t\t\t\t<dd class='wp-caption-text gallery-caption' id='gallery-1-5039'>\n\t\t\t\tLe D\u00e9fenseur des droits: Angeli Troccaz, adjointe en charge de la d\u00e9ontologie de la s\u00e9curit\u00e9\n\t\t\t\t<\/dd><\/dl><br style=\"clear: both\" \/><dl class='gallery-item'>\n\t\t\t<dt class='gallery-icon landscape'>\n\t\t\t\t<a href='https:\/\/www.bakebidea.com\/wp-content\/uploads\/2017\/07\/mms_20170710_181446.jpg'><img loading=\"lazy\" decoding=\"async\" width=\"300\" height=\"225\" src=\"https:\/\/www.bakebidea.com\/wp-content\/uploads\/2017\/07\/mms_20170710_181446-300x225.jpg\" class=\"attachment-medium size-medium\" alt=\"\" aria-describedby=\"gallery-1-5040\" srcset=\"https:\/\/www.bakebidea.com\/wp-content\/uploads\/2017\/07\/mms_20170710_181446-300x225.jpg 300w, https:\/\/www.bakebidea.com\/wp-content\/uploads\/2017\/07\/mms_20170710_181446-768x576.jpg 768w, https:\/\/www.bakebidea.com\/wp-content\/uploads\/2017\/07\/mms_20170710_181446-1024x768.jpg 1024w, https:\/\/www.bakebidea.com\/wp-content\/uploads\/2017\/07\/mms_20170710_181446.jpg 2048w\" sizes=\"(max-width: 300px) 100vw, 300px\" \/><\/a>\n\t\t\t<\/dt>\n\t\t\t\t<dd class='wp-caption-text gallery-caption' id='gallery-1-5040'>\n\t\t\t\tJean Paul Lecoq,Repr\u00e9sentant du groupe parlementaire PC\n\t\t\t\t<\/dd><\/dl><dl class='gallery-item'>\n\t\t\t<dt class='gallery-icon landscape'>\n\t\t\t\t<a href='https:\/\/www.bakebidea.com\/wp-content\/uploads\/2017\/07\/IMG-20170710-WA0012.jpg'><img loading=\"lazy\" decoding=\"async\" width=\"300\" height=\"225\" src=\"https:\/\/www.bakebidea.com\/wp-content\/uploads\/2017\/07\/IMG-20170710-WA0012-300x225.jpg\" class=\"attachment-medium size-medium\" alt=\"\" aria-describedby=\"gallery-1-5044\" srcset=\"https:\/\/www.bakebidea.com\/wp-content\/uploads\/2017\/07\/IMG-20170710-WA0012-300x225.jpg 300w, https:\/\/www.bakebidea.com\/wp-content\/uploads\/2017\/07\/IMG-20170710-WA0012-768x576.jpg 768w, https:\/\/www.bakebidea.com\/wp-content\/uploads\/2017\/07\/IMG-20170710-WA0012-1024x768.jpg 1024w, https:\/\/www.bakebidea.com\/wp-content\/uploads\/2017\/07\/IMG-20170710-WA0012.jpg 1600w\" sizes=\"(max-width: 300px) 100vw, 300px\" \/><\/a>\n\t\t\t<\/dt>\n\t\t\t\t<dd class='wp-caption-text gallery-caption' id='gallery-1-5044'>\n\t\t\t\t Julienne Pincard pour le Syndicat de la Magistrature\n\t\t\t\t<\/dd><\/dl><dl class='gallery-item'>\n\t\t\t<dt class='gallery-icon landscape'>\n\t\t\t\t<a href='https:\/\/www.bakebidea.com\/wp-content\/uploads\/2017\/07\/mms_20170710_174216.jpg'><img loading=\"lazy\" decoding=\"async\" width=\"300\" height=\"225\" src=\"https:\/\/www.bakebidea.com\/wp-content\/uploads\/2017\/07\/mms_20170710_174216-300x225.jpg\" class=\"attachment-medium size-medium\" alt=\"\" aria-describedby=\"gallery-1-5041\" srcset=\"https:\/\/www.bakebidea.com\/wp-content\/uploads\/2017\/07\/mms_20170710_174216-300x225.jpg 300w, https:\/\/www.bakebidea.com\/wp-content\/uploads\/2017\/07\/mms_20170710_174216.jpg 580w\" sizes=\"(max-width: 300px) 100vw, 300px\" \/><\/a>\n\t\t\t<\/dt>\n\t\t\t\t<dd class='wp-caption-text gallery-caption' id='gallery-1-5041'>\n\t\t\t\tAdeline Hazan, contr\u00f4leuse des espaces de privation de libert\u00e9\n\t\t\t\t<\/dd><\/dl><dl class='gallery-item'>\n\t\t\t<dt class='gallery-icon portrait'>\n\t\t\t\t<a href='https:\/\/www.bakebidea.com\/wp-content\/uploads\/2017\/07\/mms_20170710_193610.jpg'><img loading=\"lazy\" decoding=\"async\" width=\"169\" height=\"300\" src=\"https:\/\/www.bakebidea.com\/wp-content\/uploads\/2017\/07\/mms_20170710_193610-169x300.jpg\" class=\"attachment-medium size-medium\" alt=\"\" aria-describedby=\"gallery-1-5049\" srcset=\"https:\/\/www.bakebidea.com\/wp-content\/uploads\/2017\/07\/mms_20170710_193610-169x300.jpg 169w, https:\/\/www.bakebidea.com\/wp-content\/uploads\/2017\/07\/mms_20170710_193610.jpg 531w\" sizes=\"(max-width: 169px) 100vw, 169px\" \/><\/a>\n\t\t\t<\/dt>\n\t\t\t\t<dd class='wp-caption-text gallery-caption' id='gallery-1-5049'>\n\t\t\t\t H\u00e9l\u00e8ne Davo Directrice adjointe du Cabinet au Minist\u00e8re de la Justice\n\t\t\t\t<\/dd><\/dl><br style=\"clear: both\" \/>\n\t\t<\/div>\n\n<hr \/>\n<h1 style=\"text-align: left;\"><span style=\"color: #fda533;\">\u00a0<\/span><\/h1>\n<p style=\"text-align: left;\">\n<p>&nbsp;<\/p>\n<div id=\":ou\" class=\"hq gt a10\">\n<p>&nbsp;<\/p>\n<p>&nbsp;<\/p>\n<p>&nbsp;<\/p>\n<\/div>\n<p>&nbsp;<\/p>\n\n\t\t<style type=\"text\/css\">\n\t\t\t#gallery-2 {\n\t\t\t\tmargin: auto;\n\t\t\t}\n\t\t\t#gallery-2 .gallery-item {\n\t\t\t\tfloat: left;\n\t\t\t\tmargin-top: 10px;\n\t\t\t\ttext-align: center;\n\t\t\t\twidth: 33%;\n\t\t\t}\n\t\t\t#gallery-2 img {\n\t\t\t\tborder: 2px solid #cfcfcf;\n\t\t\t}\n\t\t\t#gallery-2 .gallery-caption {\n\t\t\t\tmargin-left: 0;\n\t\t\t}\n\t\t\t\/* see gallery_shortcode() in wp-includes\/media.php *\/\n\t\t<\/style>\n\t\t<div id='gallery-2' class='gallery galleryid-5048 gallery-columns-3 gallery-size-medium'><dl class='gallery-item'>\n\t\t\t<dt class='gallery-icon landscape'>\n\t\t\t\t<a href='https:\/\/www.bakebidea.com\/wp-content\/uploads\/2017\/11\/format-web.jpg'><img loading=\"lazy\" decoding=\"async\" width=\"300\" height=\"225\" src=\"https:\/\/www.bakebidea.com\/wp-content\/uploads\/2017\/11\/format-web-300x225.jpg\" class=\"attachment-medium size-medium\" alt=\"\" srcset=\"https:\/\/www.bakebidea.com\/wp-content\/uploads\/2017\/11\/format-web-300x225.jpg 300w, https:\/\/www.bakebidea.com\/wp-content\/uploads\/2017\/11\/format-web-768x576.jpg 768w, https:\/\/www.bakebidea.com\/wp-content\/uploads\/2017\/11\/format-web-1024x768.jpg 1024w, https:\/\/www.bakebidea.com\/wp-content\/uploads\/2017\/11\/format-web.jpg 1800w\" sizes=\"(max-width: 300px) 100vw, 300px\" \/><\/a>\n\t\t\t<\/dt><\/dl><dl class='gallery-item'>\n\t\t\t<dt class='gallery-icon landscape'>\n\t\t\t\t<a href='https:\/\/www.bakebidea.com\/wp-content\/uploads\/2017\/11\/Format-web-2.jpg'><img loading=\"lazy\" decoding=\"async\" width=\"300\" height=\"225\" src=\"https:\/\/www.bakebidea.com\/wp-content\/uploads\/2017\/11\/Format-web-2-300x225.jpg\" class=\"attachment-medium size-medium\" alt=\"\" srcset=\"https:\/\/www.bakebidea.com\/wp-content\/uploads\/2017\/11\/Format-web-2-300x225.jpg 300w, https:\/\/www.bakebidea.com\/wp-content\/uploads\/2017\/11\/Format-web-2-768x576.jpg 768w, https:\/\/www.bakebidea.com\/wp-content\/uploads\/2017\/11\/Format-web-2-1024x768.jpg 1024w, https:\/\/www.bakebidea.com\/wp-content\/uploads\/2017\/11\/Format-web-2.jpg 1800w\" sizes=\"(max-width: 300px) 100vw, 300px\" \/><\/a>\n\t\t\t<\/dt><\/dl><dl class='gallery-item'>\n\t\t\t<dt class='gallery-icon landscape'>\n\t\t\t\t<a href='https:\/\/www.bakebidea.com\/wp-content\/uploads\/2017\/11\/format-web-3.jpg'><img loading=\"lazy\" decoding=\"async\" width=\"300\" height=\"225\" src=\"https:\/\/www.bakebidea.com\/wp-content\/uploads\/2017\/11\/format-web-3-300x225.jpg\" class=\"attachment-medium size-medium\" alt=\"\" srcset=\"https:\/\/www.bakebidea.com\/wp-content\/uploads\/2017\/11\/format-web-3-300x225.jpg 300w, https:\/\/www.bakebidea.com\/wp-content\/uploads\/2017\/11\/format-web-3-768x576.jpg 768w, https:\/\/www.bakebidea.com\/wp-content\/uploads\/2017\/11\/format-web-3-1024x768.jpg 1024w, https:\/\/www.bakebidea.com\/wp-content\/uploads\/2017\/11\/format-web-3.jpg 1800w\" sizes=\"(max-width: 300px) 100vw, 300px\" \/><\/a>\n\t\t\t<\/dt><\/dl><br style=\"clear: both\" \/>\n\t\t<\/div>\n\n","protected":false},"excerpt":{"rendered":"<p>Une d\u00e9l\u00e9gation basque \u00e0 Paris pour porter la question des prisonnier.e.s 10 juillet 2017 Une d\u00e9l\u00e9gation de 20 personnes repr\u00e9sentant la soci\u00e9t\u00e9 basque dans sa diversit\u00e9\u00a0 (\u00e9lu-e-s, soci\u00e9t\u00e9 civile) s&rsquo;est rendue \u00e0 Paris ce jour pour porter la voix du Pays Basque, \u00e0 savoir la volont\u00e9 d&rsquo;avancer dans le processus&#8230;<\/p>\n","protected":false},"author":1,"featured_media":0,"parent":0,"menu_order":0,"comment_status":"closed","ping_status":"closed","template":"","meta":{"footnotes":""},"_links":{"self":[{"href":"https:\/\/www.bakebidea.com\/index.php?rest_route=\/wp\/v2\/pages\/5048"}],"collection":[{"href":"https:\/\/www.bakebidea.com\/index.php?rest_route=\/wp\/v2\/pages"}],"about":[{"href":"https:\/\/www.bakebidea.com\/index.php?rest_route=\/wp\/v2\/types\/page"}],"author":[{"embeddable":true,"href":"https:\/\/www.bakebidea.com\/index.php?rest_route=\/wp\/v2\/users\/1"}],"replies":[{"embeddable":true,"href":"https:\/\/www.bakebidea.com\/index.php?rest_route=%2Fwp%2Fv2%2Fcomments&post=5048"}],"version-history":[{"count":10,"href":"https:\/\/www.bakebidea.com\/index.php?rest_route=\/wp\/v2\/pages\/5048\/revisions"}],"predecessor-version":[{"id":5635,"href":"https:\/\/www.bakebidea.com\/index.php?rest_route=\/wp\/v2\/pages\/5048\/revisions\/5635"}],"wp:attachment":[{"href":"https:\/\/www.bakebidea.com\/index.php?rest_route=%2Fwp%2Fv2%2Fmedia&parent=5048"}],"curies":[{"name":"wp","href":"https:\/\/api.w.org\/{rel}","templated":true}]}}