{"id":3076,"date":"2016-07-19T14:48:44","date_gmt":"2016-07-19T12:48:44","guid":{"rendered":"https:\/\/www.bakebidea.com\/?page_id=3076"},"modified":"2016-10-06T14:37:13","modified_gmt":"2016-10-06T12:37:13","slug":"genese","status":"publish","type":"page","link":"https:\/\/www.bakebidea.com\/?page_id=3076","title":{"rendered":"Gen\u00e8se"},"content":{"rendered":"<p>&nbsp;<\/p>\n<h1 style=\"text-align: center;\"><span style=\"color: #0f5b70;\">La conf\u00e9rence internationale d&rsquo;Aiete<\/span><\/h1>\n<p style=\"text-align: center;\"><span style=\"color: #0f5b70;\">2011 &#8211; Donostia-San Sebastian<\/span><\/p>\n<div id=\"attachment_1465\" style=\"width: 814px\" class=\"wp-caption aligncenter\"><img loading=\"lazy\" decoding=\"async\" aria-describedby=\"caption-attachment-1465\" class=\"wp-image-1465\" src=\"https:\/\/www.bakebidea.com\/wp-content\/uploads\/2014\/10\/so-Aiete.jpg\" alt=\"De gauche \u00e0 droite, sur le perron de l\u2019ancienne r\u00e9sidence d\u2019\u00e9t\u00e9 de Franco, le palacio Aiete de Saint-S\u00e9bastien, le 17 octobre 2011 : Gerry Adams, Gro Harlem Brundtland, Bertie Ahern, Kofi Annan, Pierre Joxe et Jonathan Powell. \u00a9 PHOTO PHOTO \u00ab DIARIO VASCO \u00bb\" width=\"804\" height=\"402\" srcset=\"https:\/\/www.bakebidea.com\/wp-content\/uploads\/2014\/10\/so-Aiete.jpg 800w, https:\/\/www.bakebidea.com\/wp-content\/uploads\/2014\/10\/so-Aiete-300x150.jpg 300w, https:\/\/www.bakebidea.com\/wp-content\/uploads\/2014\/10\/so-Aiete-700x350.jpg 700w\" sizes=\"(max-width: 804px) 100vw, 804px\" \/><p id=\"caption-attachment-1465\" class=\"wp-caption-text\">De gauche \u00e0 droite, sur le perron de l\u2019ancienne r\u00e9sidence d\u2019\u00e9t\u00e9 de Franco, le palacio Aiete de Saint-S\u00e9bastien, le 17 octobre 2011 : Gerry Adams, Gro Harlem Brundtland, Bertie Ahern, Kofi Annan, Pierre Joxe et Jonathan Powell.<br \/> \u00a9 PHOTO PHOTO \u00ab DIARIO VASCO \u00bb<\/p><\/div>\n<p>&nbsp;<\/p>\n<p>&nbsp;<\/p>\n<p style=\"text-align: justify;\"><span style=\"color: #333333;\">Le 17 octobre 2011, au palais d&rsquo;Aiete \u00e0 Saint S\u00e9bastien, la conf\u00e9rence internationale d&rsquo;Aiete r\u00e9unit de nombreux repr\u00e9sentant.e.s politiques et acteurs socio-\u00e9conomiques locaux. Des experts internationaux reconnaissent pour la premi\u00e8re fois l&rsquo;existence d&rsquo;un conflit politique au Pays Basque et d\u00e9signent\u00a0 le gouvernement fran\u00e7ais comme acteur de la r\u00e9solution, au m\u00eame\u00a0 titre que le gouvernement espagnol.<\/span><\/p>\n<p>&nbsp;<\/p>\n<h3 style=\"text-align: justify;\"><span style=\"color: #0e5c78;\"><strong>Une feuille de route<\/strong><\/span><\/h3>\n<p>&nbsp;<\/p>\n<p style=\"text-align: justify;\"><span style=\"color: #333333;\">A l&rsquo;issue de la conf\u00e9rence, 6 leaders internationaux (cf. photo) lisent une <a style=\"color: #333333;\" href=\"https:\/\/www.bakebidea.com\/wp-content\/uploads\/2016\/04\/D\u00e9claration-internationale-d.pdf\">d\u00e9claration<\/a> commune contenant une m\u00e9thodologie en 5 points pour r\u00e9soudre et d\u00e9passer le conflit, parmi ces points :<\/span><\/p>\n<p>&nbsp;<\/p>\n<ul style=\"text-align: justify;\">\n<li><span style=\"color: #333333;\">Ils demandent \u00e0 l&rsquo;ETA de cesser publiquement toute activit\u00e9 arm\u00e9e et d&rsquo;accepter de dialoguer avec les gouvernements fran\u00e7ais et espagnol<\/span><\/li>\n<li><span style=\"color: #333333;\">Ils s&rsquo;adressent aux deux gouvernements afin qu&rsquo;ils s&rsquo;engagent dans la voie du dialogue si ETA remplit le premier point<\/span><\/li>\n<li><span style=\"color: #333333;\">Ils soulignent l&rsquo;importance de la mise en place de mesures permettant la r\u00e9conciliation, la reconnaissance et l&rsquo;assistance \u00e0 toutes les victimes.<\/span><\/li>\n<\/ul>\n<p style=\"text-align: justify;\"><em>\u00a0<\/em><\/p>\n<p>&nbsp;<\/p>\n<h3 style=\"text-align: justify;\"><\/h3>\n\n\t\t<style type=\"text\/css\">\n\t\t\t#gallery-1 {\n\t\t\t\tmargin: auto;\n\t\t\t}\n\t\t\t#gallery-1 .gallery-item {\n\t\t\t\tfloat: left;\n\t\t\t\tmargin-top: 10px;\n\t\t\t\ttext-align: center;\n\t\t\t\twidth: 50%;\n\t\t\t}\n\t\t\t#gallery-1 img {\n\t\t\t\tborder: 2px solid #cfcfcf;\n\t\t\t}\n\t\t\t#gallery-1 .gallery-caption {\n\t\t\t\tmargin-left: 0;\n\t\t\t}\n\t\t\t\/* see gallery_shortcode() in wp-includes\/media.php *\/\n\t\t<\/style>\n\t\t<div id='gallery-1' class='gallery galleryid-3076 gallery-columns-2 gallery-size-medium'><dl class='gallery-item'>\n\t\t\t<dt class='gallery-icon landscape'>\n\t\t\t\t<a href='https:\/\/www.bakebidea.com\/wp-content\/uploads\/2016\/07\/853627_21636769_460x306.jpg'><img loading=\"lazy\" decoding=\"async\" width=\"300\" height=\"200\" src=\"https:\/\/www.bakebidea.com\/wp-content\/uploads\/2016\/07\/853627_21636769_460x306-300x200.jpg\" class=\"attachment-medium size-medium\" alt=\"\" srcset=\"https:\/\/www.bakebidea.com\/wp-content\/uploads\/2016\/07\/853627_21636769_460x306-300x200.jpg 300w, https:\/\/www.bakebidea.com\/wp-content\/uploads\/2016\/07\/853627_21636769_460x306.jpg 460w\" sizes=\"(max-width: 300px) 100vw, 300px\" \/><\/a>\n\t\t\t<\/dt><\/dl><dl class='gallery-item'>\n\t\t\t<dt class='gallery-icon landscape'>\n\t\t\t\t<a href='https:\/\/www.bakebidea.com\/wp-content\/uploads\/2016\/07\/Konferentzia.jpg'><img loading=\"lazy\" decoding=\"async\" width=\"220\" height=\"147\" src=\"https:\/\/www.bakebidea.com\/wp-content\/uploads\/2016\/07\/Konferentzia.jpg\" class=\"attachment-medium size-medium\" alt=\"\" \/><\/a>\n\t\t\t<\/dt><\/dl><br style=\"clear: both\" \/>\n\t\t<\/div>\n\n<p>&nbsp;<\/p>\n<h3 style=\"text-align: justify;\"><span style=\"color: #333333;\"><strong><span style=\"color: #0e5c78;\">Une invitation \u00e0 l&rsquo;implication de la soci\u00e9t\u00e9 civile\u00a0<\/span> <\/strong><\/span><\/h3>\n<p>&nbsp;<\/p>\n<p style=\"text-align: justify;\"><span style=\"color: #0d6985;\"><em>\u201c&#8230; L&rsquo;aspiration grandissante des citoyens de ce pays et de leurs repr\u00e9sentants politiques \u00e0 r\u00e9soudre ce conflit par le dialogue, la d\u00e9mocratie et sans aucune violence a cr\u00e9\u00e9 cette opportunit\u00e9&#8230;\u201d<\/em><\/span><\/p>\n<p>&nbsp;<\/p>\n<h2 style=\"text-align: justify;\"><\/h2>\n<p style=\"text-align: justify;\"><span style=\"color: #333333;\">Depuis, dans tout le Pays Basque et plus particuli\u00e8rement ici m\u00eame, en Pays Basque Nord, de nombreuses personnes issues d&rsquo;associations, syndicats, partis politiques et des \u00e9lu.e.s s&rsquo;approprient un peu plus chaque jour la feuille de route d&rsquo;Aiete.<\/span><\/p>\n<p>&nbsp;<\/p>\n<p style=\"text-align: justify;\"><span style=\"color: #333333;\">Trois jours apr\u00e8s la conf\u00e9rence d&rsquo;Aiete, l&rsquo;organisation ETA annonce l&rsquo;arr\u00eat d\u00e9finitif de ses actions arm\u00e9es et se d\u00e9clare pr\u00eate \u00e0 s&rsquo;assoir autour d&rsquo;une table avec les deux gouvernements. Les gouvernements fran\u00e7ais et espagnol n&rsquo;ont depuis montr\u00e9 aucun engagement en faveur d&rsquo;un processus de paix au Pays Basque.<\/span><\/p>\n","protected":false},"excerpt":{"rendered":"<p>&nbsp; La conf\u00e9rence internationale d&rsquo;Aiete 2011 &#8211; Donostia-San Sebastian &nbsp; &nbsp; Le 17 octobre 2011, au palais d&rsquo;Aiete \u00e0 Saint S\u00e9bastien, la conf\u00e9rence internationale d&rsquo;Aiete r\u00e9unit de nombreux repr\u00e9sentant.e.s politiques et acteurs socio-\u00e9conomiques locaux. Des experts internationaux reconnaissent pour la premi\u00e8re fois l&rsquo;existence d&rsquo;un conflit politique au Pays Basque et&#8230;<\/p>\n","protected":false},"author":1,"featured_media":0,"parent":0,"menu_order":0,"comment_status":"closed","ping_status":"closed","template":"","meta":{"footnotes":""},"_links":{"self":[{"href":"https:\/\/www.bakebidea.com\/index.php?rest_route=\/wp\/v2\/pages\/3076"}],"collection":[{"href":"https:\/\/www.bakebidea.com\/index.php?rest_route=\/wp\/v2\/pages"}],"about":[{"href":"https:\/\/www.bakebidea.com\/index.php?rest_route=\/wp\/v2\/types\/page"}],"author":[{"embeddable":true,"href":"https:\/\/www.bakebidea.com\/index.php?rest_route=\/wp\/v2\/users\/1"}],"replies":[{"embeddable":true,"href":"https:\/\/www.bakebidea.com\/index.php?rest_route=%2Fwp%2Fv2%2Fcomments&post=3076"}],"version-history":[{"count":10,"href":"https:\/\/www.bakebidea.com\/index.php?rest_route=\/wp\/v2\/pages\/3076\/revisions"}],"predecessor-version":[{"id":4158,"href":"https:\/\/www.bakebidea.com\/index.php?rest_route=\/wp\/v2\/pages\/3076\/revisions\/4158"}],"wp:attachment":[{"href":"https:\/\/www.bakebidea.com\/index.php?rest_route=%2Fwp%2Fv2%2Fmedia&parent=3076"}],"curies":[{"name":"wp","href":"https:\/\/api.w.org\/{rel}","templated":true}]}}